{"id":5136,"date":"2022-01-27T16:15:06","date_gmt":"2022-01-27T16:15:06","guid":{"rendered":"https:\/\/www.lopezvicu.info\/?page_id=5136"},"modified":"2026-04-07T12:43:44","modified_gmt":"2026-04-07T12:43:44","slug":"cfgs-marketing-y-publicidad","status":"publish","type":"page","link":"https:\/\/www.lopezvicu.info\/es\/cfgs-marketing-y-publicidad\/","title":{"rendered":"CFGS Marketing y Publicidad Barcelona"},"content":{"rendered":"<div class=\"gb-container gb-container-cfaf908f\"><div class=\"gb-inside-container\">\n\n<div style=\"height:100px\" aria-hidden=\"true\" class=\"wp-block-spacer\"><\/div>\n\n\n\n<h1 class=\"gb-headline gb-headline-8caa1ec1\"><span class=\"gb-icon\"><svg viewBox=\"0 0 36.7 3\" xmlns=\"http:\/\/www.w3.org\/2000\/svg\"><path d=\"M0 0h36.7v3H0z\"><\/path><\/svg><\/span><span class=\"gb-headline-text\">grado superior marketing y publicidad<\/span><\/h1>\n\n\n\n<p class=\"gb-headline gb-headline-d7d2ec0a gb-headline-text\">Formamos parte de las <strong>Religiosas de Mar\u00eda Inmaculada (RMI)<\/strong>, instituci\u00f3n muy reconocida en el barrio de <strong>l&#8217;Eixample<\/strong>, que cuenta con una ubicaci\u00f3n excelente en Barcelona. Somos un centro de trato familiar con la posibilidad de obtener un grado superior de Marketing y Publicidad, que promueve un <strong>aprendizaje continuo e individualizado.<\/strong><\/p>\n\n\n<div class=\"gb-button-wrapper gb-button-wrapper-6f599397\">\n\n<a class=\"gb-button gb-button-d2790168 gb-button-text\" href=\"https:\/\/www.lopezvicu.info\/wp-content\/uploads\/2026\/01\/MIP.pdf\" target=\"_blank\" rel=\"nofollow noopener noreferrer\">Descargar Ficha Informativa<\/a>\n\n\n\n<a class=\"gb-button gb-button-b96ca7f9 gb-button-text\" href=\"https:\/\/www.lopezvicu.info\/es\/cfgs-marketing-y-publicidad\/#contacto\">Contacta con nosotros<\/a>\n\n<\/div>\n\n<div class=\"gb-container gb-container-02c15935\"><div class=\"gb-inside-container\">\n<div class=\"gb-container gb-container-64391086 bloque inicio pagina alignwide\"><div class=\"gb-inside-container\">\n\n<h2 class=\"gb-headline gb-headline-b3dca4a6\"><span class=\"gb-icon\"><svg aria-hidden=\"true\" role=\"img\" height=\"1em\" width=\"1em\" viewBox=\"0 0 448 512\" xmlns=\"http:\/\/www.w3.org\/2000\/svg\"><path fill=\"currentColor\" d=\"M207.029 381.476L12.686 187.132c-9.373-9.373-9.373-24.569 0-33.941l22.667-22.667c9.357-9.357 24.522-9.375 33.901-.04L224 284.505l154.745-154.021c9.379-9.335 24.544-9.317 33.901.04l22.667 22.667c9.373 9.373 9.373 24.569 0 33.941L240.971 381.476c-9.373 9.372-24.569 9.372-33.942 0z\"><\/path><\/svg><\/span><span class=\"gb-headline-text\">Este es tu momento, ampl\u00eda tus horizontes<\/span><\/h2>\n\n\n<div class=\"gb-container gb-container-7c58fb02\"><div class=\"gb-inside-container\">\n<div class=\"gb-grid-wrapper gb-grid-wrapper-16f1f4b1\">\n<div class=\"gb-grid-column gb-grid-column-f8e407b6\"><div class=\"gb-container gb-container-f8e407b6\"><div class=\"gb-inside-container\">\n<div class=\"gb-container gb-container-b75d9567\">\n\n<h3 class=\"gb-headline gb-headline-193bd74c\"><span class=\"gb-icon\"><svg aria-hidden=\"true\" role=\"img\" height=\"1em\" width=\"1em\" viewBox=\"0 0 256 512\" xmlns=\"http:\/\/www.w3.org\/2000\/svg\"><path fill=\"currentColor\" d=\"M224.3 273l-136 136c-9.4 9.4-24.6 9.4-33.9 0l-22.6-22.6c-9.4-9.4-9.4-24.6 0-33.9l96.4-96.4-96.4-96.4c-9.4-9.4-9.4-24.6 0-33.9L54.3 103c9.4-9.4 24.6-9.4 33.9 0l136 136c9.5 9.4 9.5 24.6.1 34z\"><\/path><\/svg><\/span><span class=\"gb-headline-text\"><strong>HORARIO<\/strong> INTENSIVO DE <strong>MA\u00d1ANA<\/strong>.<\/span><\/h3>\n\n<\/div>\n\n\n<h3 class=\"gb-headline gb-headline-a3f550aa\"><span class=\"gb-icon\"><svg aria-hidden=\"true\" role=\"img\" height=\"1em\" width=\"1em\" viewBox=\"0 0 256 512\" xmlns=\"http:\/\/www.w3.org\/2000\/svg\"><path fill=\"currentColor\" d=\"M224.3 273l-136 136c-9.4 9.4-24.6 9.4-33.9 0l-22.6-22.6c-9.4-9.4-9.4-24.6 0-33.9l96.4-96.4-96.4-96.4c-9.4-9.4-9.4-24.6 0-33.9L54.3 103c9.4-9.4 24.6-9.4 33.9 0l136 136c9.5 9.4 9.5 24.6.1 34z\"><\/path><\/svg><\/span><span class=\"gb-headline-text\">MODALIDAD <strong>DUAL GENERAL Y DUAL INTENSIVA<\/strong><\/span><\/h3>\n\n\n\n<h3 class=\"gb-headline gb-headline-d4bba515\"><span class=\"gb-icon\"><svg aria-hidden=\"true\" role=\"img\" height=\"1em\" width=\"1em\" viewBox=\"0 0 256 512\" xmlns=\"http:\/\/www.w3.org\/2000\/svg\"><path fill=\"currentColor\" d=\"M224.3 273l-136 136c-9.4 9.4-24.6 9.4-33.9 0l-22.6-22.6c-9.4-9.4-9.4-24.6 0-33.9l96.4-96.4-96.4-96.4c-9.4-9.4-9.4-24.6 0-33.9L54.3 103c9.4-9.4 24.6-9.4 33.9 0l136 136c9.5 9.4 9.5 24.6.1 34z\"><\/path><\/svg><\/span><span class=\"gb-headline-text\">ERASMUS.<\/span><\/h3>\n\n<\/div><\/div><\/div>\n\n<div class=\"gb-grid-column gb-grid-column-08b4d7d8\"><div class=\"gb-container gb-container-08b4d7d8\"><div class=\"gb-inside-container\">\n\n<h3 class=\"gb-headline gb-headline-2730a46b\"><span class=\"gb-icon\"><svg aria-hidden=\"true\" role=\"img\" height=\"1em\" width=\"1em\" viewBox=\"0 0 256 512\" xmlns=\"http:\/\/www.w3.org\/2000\/svg\"><path fill=\"currentColor\" d=\"M224.3 273l-136 136c-9.4 9.4-24.6 9.4-33.9 0l-22.6-22.6c-9.4-9.4-9.4-24.6 0-33.9l96.4-96.4-96.4-96.4c-9.4-9.4-9.4-24.6 0-33.9L54.3 103c9.4-9.4 24.6-9.4 33.9 0l136 136c9.5 9.4 9.5 24.6.1 34z\"><\/path><\/svg><\/span><span class=\"gb-headline-text\"><strong>COLABORACI\u00d3N <\/strong>ESTRECHA CON<strong> EMPRESAS Y PROFESIONALES DEL SECTOR<\/strong>.<\/span><\/h3>\n\n\n\n<h3 class=\"gb-headline gb-headline-a3e22543\"><span class=\"gb-icon\"><svg aria-hidden=\"true\" role=\"img\" height=\"1em\" width=\"1em\" viewBox=\"0 0 256 512\" xmlns=\"http:\/\/www.w3.org\/2000\/svg\"><path fill=\"currentColor\" d=\"M224.3 273l-136 136c-9.4 9.4-24.6 9.4-33.9 0l-22.6-22.6c-9.4-9.4-9.4-24.6 0-33.9l96.4-96.4-96.4-96.4c-9.4-9.4-9.4-24.6 0-33.9L54.3 103c9.4-9.4 24.6-9.4 33.9 0l136 136c9.5 9.4 9.5 24.6.1 34z\"><\/path><\/svg><\/span><span class=\"gb-headline-text\">PROGRAMA <strong>INNOVAFP.<\/strong><\/span><\/h3>\n\n\n\n<h3 class=\"gb-headline gb-headline-d78aff11\"><span class=\"gb-icon\"><svg aria-hidden=\"true\" role=\"img\" height=\"1em\" width=\"1em\" viewBox=\"0 0 256 512\" xmlns=\"http:\/\/www.w3.org\/2000\/svg\"><path fill=\"currentColor\" d=\"M224.3 273l-136 136c-9.4 9.4-24.6 9.4-33.9 0l-22.6-22.6c-9.4-9.4-9.4-24.6 0-33.9l96.4-96.4-96.4-96.4c-9.4-9.4-9.4-24.6 0-33.9L54.3 103c9.4-9.4 24.6-9.4 33.9 0l136 136c9.5 9.4 9.5 24.6.1 34z\"><\/path><\/svg><\/span><span class=\"gb-headline-text\">MODALIDAD <strong>PRESENCIAL<\/strong> Y <strong>SEMIPRESENCIAL<\/strong>.<\/span><\/h3>\n\n<\/div><\/div><\/div>\n<\/div>\n<\/div><\/div>\n<\/div><\/div>\n<\/div><\/div>\n<\/div><\/div>\n\n\n<div style=\"height:80px\" aria-hidden=\"true\" class=\"wp-block-spacer\"><\/div>\n\n\n<div class=\"gb-container gb-container-5b8b226f\"><div class=\"gb-inside-container\">\n\n<h2 class=\"gb-headline gb-headline-eb099c8d\"><span class=\"gb-icon\"><svg viewBox=\"0 0 36.7 3\" xmlns=\"http:\/\/www.w3.org\/2000\/svg\"><path d=\"M0 0h36.7v3H0z\"><\/path><\/svg><\/span><span class=\"gb-headline-text\">FP MARKETING Y PUBLICIDAD<\/span><\/h2>\n\n\n\n<h3 class=\"gb-headline gb-headline-5ed2ab72 gb-headline-text\"> \u00bfQu\u00e9 puede hacer un t\u00e9cnico superior en marketing y publicidad? <\/h3>\n\n\n\n<p class=\"gb-headline gb-headline-35f78fcd gb-headline-text\">El estudiante de ciclo superior marketing y publicidad logra el nivel necesario para definir y realizar <strong> las pol\u00edticas de marketing<\/strong> basadas en investigaciones comerciales y, <strong>publicitar y promocionar productos o servicios<\/strong> en los soportes y medios de comunicaci\u00f3n apropiados, <strong>generando<\/strong> el <strong>material necesario<\/strong> para ello.<\/p>\n\n<\/div><\/div>\n\n<div class=\"gb-container gb-container-526186fd\"><div class=\"gb-inside-container\">\n\n<h2 class=\"gb-headline gb-headline-8d716b71\"><span class=\"gb-icon\"><svg aria-hidden=\"true\" role=\"img\" height=\"1em\" width=\"1em\" viewBox=\"0 0 512 512\" xmlns=\"http:\/\/www.w3.org\/2000\/svg\"><path fill=\"currentColor\" d=\"M328 256c0 39.8-32.2 72-72 72s-72-32.2-72-72 32.2-72 72-72 72 32.2 72 72zm104-72c-39.8 0-72 32.2-72 72s32.2 72 72 72 72-32.2 72-72-32.2-72-72-72zm-352 0c-39.8 0-72 32.2-72 72s32.2 72 72 72 72-32.2 72-72-32.2-72-72-72z\"><\/path><\/svg><\/span><span class=\"gb-headline-text\">Nuestra metodolog\u00eda de trabajo<\/span><\/h2>\n\n\n<div class=\"gb-grid-wrapper gb-grid-wrapper-4ae370ad\">\n<div class=\"gb-grid-column gb-grid-column-c647b9b0\"><div class=\"gb-container gb-container-c647b9b0\"><div class=\"gb-inside-container\">\n\n<p class=\"gb-headline gb-headline-c0d53509 gb-headline-text\">SEGUIMIENTO EXHAUSTIVO<\/p>\n\n\n\n<p class=\"has-white-color has-text-color\">Un tutor de curso que garantiza el <strong>seguimiento<\/strong> de los alumnos y la <strong>orientaci\u00f3n<\/strong> tanto <strong>acad\u00e9mica<\/strong> como <strong>profesional<\/strong>. Orientaci\u00f3n por parte de todos los profesionales del centro.<\/p>\n\n<\/div><\/div><\/div>\n\n<div class=\"gb-grid-column gb-grid-column-3eb955be\"><div class=\"gb-container gb-container-3eb955be\"><div class=\"gb-inside-container\">\n\n<p class=\"gb-headline gb-headline-9cc4a8b7 gb-headline-text\"> METODOLOG\u00cdA ACTIVA<\/p>\n\n\n\n<p class=\"has-white-color has-text-color\"><strong>Aprendizaje por proyectos y\/o retos<\/strong> basados en la <strong>investigaci\u00f3n<\/strong>, en el <strong>trabajo colaborativo<\/strong>, utilizando los recursos tecnol\u00f3gicos necesarios y <strong>desarrollando<\/strong> las <strong>competencias<\/strong> de nuestro alumnado.<\/p>\n\n<\/div><\/div><\/div>\n\n<div class=\"gb-grid-column gb-grid-column-bac878aa\"><div class=\"gb-container gb-container-bac878aa\"><div class=\"gb-inside-container\">\n\n<p class=\"gb-headline gb-headline-21597f7c gb-headline-text\"> EVALUACI\u00d3N CONTINUA <\/p>\n\n\n\n<p class=\"has-white-color has-text-color\">Una evaluaci\u00f3n continua que contempla el d\u00eda a d\u00eda del alumno, <strong>el trabajo por proyectos<\/strong> <strong>y\/o retos<\/strong> y la superaci\u00f3n de alguna <strong>prueba escrita<\/strong> que le ayuden en su desarrollo competencial.<\/p>\n\n<\/div><\/div><\/div>\n\n<div class=\"gb-grid-column gb-grid-column-d5c9ecf8\"><div class=\"gb-container gb-container-d5c9ecf8\"><div class=\"gb-inside-container\">\n\n<p class=\"gb-headline gb-headline-e981d73e gb-headline-text\"> ESTANCIA EN LA EMPRESA<\/p>\n\n\n\n<p class=\"has-white-color has-text-color\">Realizaci\u00f3n de una parte de las horas de la estancia en la empresa (<strong>pr\u00e1cticas<\/strong>) <strong>dentro del horario lectivo <\/strong>para facilitar el aprendizaje de los alumnos. <strong>Seguimiento muy cercano y de forma continuada<\/strong> por parte del tutor de pr\u00e1cticas.<\/p>\n\n<\/div><\/div><\/div>\n\n<div class=\"gb-grid-column gb-grid-column-df68d9ab\"><div class=\"gb-container gb-container-df68d9ab\"><div class=\"gb-inside-container\">\n\n<p class=\"gb-headline gb-headline-ef18fdf9 gb-headline-text\"> PROFESIONALES DEL SECTOR <\/p>\n\n\n\n<p class=\"has-white-color has-text-color\">Colaboraci\u00f3n de <strong>profesionales de empresas del marketing y de la publicidad<\/strong> para ampliar la formaci\u00f3n de nuestros alumnos<strong>. Profesores del sector<\/strong> continuamente actualizados en ese \u00e1mbito.<\/p>\n\n<\/div><\/div><\/div>\n\n<div class=\"gb-grid-column gb-grid-column-e40d94d3\"><div class=\"gb-container gb-container-e40d94d3\"><div class=\"gb-inside-container\">\n\n<p class=\"gb-headline gb-headline-79452d16 gb-headline-text\">PROYECTOS INTERDISCIPLINARIOS <\/p>\n\n\n\n<p class=\"has-white-color has-text-color\">Metodolog\u00eda por proyectos interdisciplinarios basados en <strong>retos reales<\/strong> de <strong>empresas<\/strong> <strong>colaboradoras y de renombre. <\/strong><\/p>\n\n\n\n<p class=\"has-white-color has-text-color\">Participaci\u00f3n en proyectos de innovaci\u00f3n con la metodolog\u00eda <strong>Desing Thinking<\/strong> como en Metropolis FPLab, FP Challenge Centrino o las 24 horas de Innovaci\u00f3n<strong>.<\/strong><\/p>\n\n<\/div><\/div><\/div>\n\n<div class=\"gb-grid-column gb-grid-column-fdc15bab\"><div class=\"gb-container gb-container-fdc15bab\"><div class=\"gb-inside-container\">\n\n<p class=\"gb-headline gb-headline-b9018e24 gb-headline-text\">APOYO DE PROFESIONALES<\/p>\n\n\n\n<p class=\"has-white-color has-text-color\">Participaci\u00f3n en <strong>proyectos<\/strong> <strong>interdisciplinares<\/strong> globalizadores <strong>con el<\/strong> <strong>apoyo de un profesional <\/strong>de ESIC Business &amp; Marketing School,  Escuela Internacional de Protocolo(EIP) y Euncet Business School.<\/p>\n\n<\/div><\/div><\/div>\n\n<div class=\"gb-grid-column gb-grid-column-ae623ad9\"><div class=\"gb-container gb-container-ae623ad9\"><div class=\"gb-inside-container\">\n\n<p class=\"gb-headline gb-headline-58860d0f gb-headline-text\"> INGL\u00c9S<\/p>\n\n\n\n<p class=\"has-white-color has-text-color\">Se imparte parte del <strong>curr\u00edculum en lengua inglesa<\/strong>. <strong>Refuerzo de las habilidades comunicativas en ingl\u00e9s,<\/strong> con ayuda de un auxiliar de conversaci\u00f3n que trabaja con grupos muy reducidos.<\/p>\n\n<\/div><\/div><\/div>\n<\/div>\n<\/div><\/div>\n\n<div class=\"gb-container gb-container-1c5ec6be\"><div class=\"gb-inside-container\">\n<div class=\"gb-grid-wrapper gb-grid-wrapper-80992ef1\">\n<div class=\"gb-grid-column gb-grid-column-b77b56cd\"><div class=\"gb-container gb-container-b77b56cd\"><div class=\"gb-inside-container\">\n\n<h2 class=\"gb-headline gb-headline-9cce893f gb-headline-text\"><strong>APOSTAMOS POR UN CRECIMIENTO PERSONAL<\/strong><\/h2>\n\n\n\n<p>Llevamos a cabo <strong>actividades <\/strong>dentro y fuera del instituto durante el curso, con el objetivo de <strong>mejorar<\/strong> <strong>los valores y <\/strong>el <strong>crecimiento personal <\/strong>de los alumnos, a su vez implementando <strong>talleres de interioridad.<\/strong><\/p>\n\n\n<div class=\"gb-button-wrapper gb-button-wrapper-595f5a9a\">\n\n<a class=\"gb-button gb-button-e5677970 gb-button-text\" href=\"https:\/\/www.lopezvicu.info\/es\/metodologia-y-proyectos\/\" target=\"_blank\" rel=\"noopener noreferrer\">Saber m\u00e1s<\/a>\n\n<\/div>\n<\/div><\/div><\/div>\n\n<div class=\"gb-grid-column gb-grid-column-3a60ddf8\"><div class=\"gb-container gb-container-3a60ddf8\"><div class=\"gb-inside-container\">\n\n<figure class=\"wp-block-image size-large is-resized is-style-default\"><img loading=\"lazy\" decoding=\"async\" width=\"1024\" height=\"683\" src=\"https:\/\/www.lopezvicu.info\/wp-content\/uploads\/2022\/04\/IG_0136-1024x683.jpg\" alt=\"Crecimiento personal Lopez vicu\u00f1a\" class=\"wp-image-7793\" style=\"width:497px;height:331px\" srcset=\"https:\/\/www.lopezvicu.info\/wp-content\/uploads\/2022\/04\/IG_0136-1024x683.jpg 1024w, https:\/\/www.lopezvicu.info\/wp-content\/uploads\/2022\/04\/IG_0136-300x200.jpg 300w, https:\/\/www.lopezvicu.info\/wp-content\/uploads\/2022\/04\/IG_0136-768x512.jpg 768w, https:\/\/www.lopezvicu.info\/wp-content\/uploads\/2022\/04\/IG_0136-1536x1024.jpg 1536w, https:\/\/www.lopezvicu.info\/wp-content\/uploads\/2022\/04\/IG_0136.jpg 1920w\" sizes=\"auto, (max-width: 1024px) 100vw, 1024px\" \/><\/figure>\n\n<\/div><\/div><\/div>\n<\/div>\n<\/div><\/div>\n\n<div class=\"gb-container gb-container-01297007\"><div class=\"gb-inside-container\">\n\n<h2 class=\"gb-headline gb-headline-d632a0dd\"><span class=\"gb-icon\"><svg aria-hidden=\"true\" role=\"img\" height=\"1em\" width=\"1em\" viewBox=\"0 0 512 512\" xmlns=\"http:\/\/www.w3.org\/2000\/svg\"><path fill=\"currentColor\" d=\"M328 256c0 39.8-32.2 72-72 72s-72-32.2-72-72 32.2-72 72-72 72 32.2 72 72zm104-72c-39.8 0-72 32.2-72 72s32.2 72 72 72 72-32.2 72-72-32.2-72-72-72zm-352 0c-39.8 0-72 32.2-72 72s32.2 72 72 72 72-32.2 72-72-32.2-72-72-72z\"><\/path><\/svg><\/span><span class=\"gb-headline-text\">Una formaci\u00f3n basada en proyectos<\/span><\/h2>\n\n\n<div class=\"gb-grid-wrapper gb-grid-wrapper-02feea36\">\n<div class=\"gb-grid-column gb-grid-column-98231002\"><div class=\"gb-container gb-container-98231002\"><div class=\"gb-inside-container\">\n<div class=\"wp-block-image\">\n<figure class=\"aligncenter size-full\"><img loading=\"lazy\" decoding=\"async\" width=\"225\" height=\"225\" src=\"https:\/\/www.lopezvicu.info\/wp-content\/uploads\/2026\/04\/cor-eixample.jpeg\" alt=\"\" class=\"wp-image-29221\" srcset=\"https:\/\/www.lopezvicu.info\/wp-content\/uploads\/2026\/04\/cor-eixample.jpeg 225w, https:\/\/www.lopezvicu.info\/wp-content\/uploads\/2026\/04\/cor-eixample-150x150.jpeg 150w\" sizes=\"auto, (max-width: 225px) 100vw, 225px\" \/><figcaption class=\"wp-element-caption\">\t\t\t\t\t\t<\/figcaption><\/figure>\n<\/div>\n<\/div><\/div><\/div>\n\n<div class=\"gb-grid-column gb-grid-column-34fae63d\"><div class=\"gb-container gb-container-34fae63d\"><div class=\"gb-inside-container\">\n<div class=\"wp-block-image\">\n<figure class=\"aligncenter size-full\"><img loading=\"lazy\" decoding=\"async\" width=\"495\" height=\"290\" src=\"https:\/\/www.lopezvicu.info\/wp-content\/uploads\/2022\/11\/FP-Challenge.png\" alt=\"\" class=\"wp-image-16209\" srcset=\"https:\/\/www.lopezvicu.info\/wp-content\/uploads\/2022\/11\/FP-Challenge.png 495w, https:\/\/www.lopezvicu.info\/wp-content\/uploads\/2022\/11\/FP-Challenge-300x176.png 300w\" sizes=\"auto, (max-width: 495px) 100vw, 495px\" \/><figcaption class=\"wp-element-caption\">\t\t\t\t\t\t<\/figcaption><\/figure>\n<\/div>\n<\/div><\/div><\/div>\n\n<div class=\"gb-grid-column gb-grid-column-4a5bc1bc\"><div class=\"gb-container gb-container-4a5bc1bc\"><div class=\"gb-inside-container\">\n<div class=\"wp-block-image\">\n<figure class=\"aligncenter size-full\"><img loading=\"lazy\" decoding=\"async\" width=\"225\" height=\"225\" src=\"https:\/\/www.lopezvicu.info\/wp-content\/uploads\/2022\/05\/fundacio-bcn.jpg\" alt=\"\" class=\"wp-image-25497\" srcset=\"https:\/\/www.lopezvicu.info\/wp-content\/uploads\/2022\/05\/fundacio-bcn.jpg 225w, https:\/\/www.lopezvicu.info\/wp-content\/uploads\/2022\/05\/fundacio-bcn-150x150.jpg 150w\" sizes=\"auto, (max-width: 225px) 100vw, 225px\" \/><figcaption class=\"wp-element-caption\">\t\t\t\t\t\t<\/figcaption><\/figure>\n<\/div>\n<\/div><\/div><\/div>\n\n<div class=\"gb-grid-column gb-grid-column-cb5f8573\"><div class=\"gb-container gb-container-cb5f8573\"><div class=\"gb-inside-container\">\n<div class=\"wp-block-image\">\n<figure class=\"aligncenter size-full\"><img loading=\"lazy\" decoding=\"async\" width=\"428\" height=\"419\" src=\"https:\/\/www.lopezvicu.info\/wp-content\/uploads\/2022\/11\/metropolisfplab_logo.png\" alt=\"\" class=\"wp-image-16205\" srcset=\"https:\/\/www.lopezvicu.info\/wp-content\/uploads\/2022\/11\/metropolisfplab_logo.png 428w, https:\/\/www.lopezvicu.info\/wp-content\/uploads\/2022\/11\/metropolisfplab_logo-300x294.png 300w\" sizes=\"auto, (max-width: 428px) 100vw, 428px\" \/><figcaption class=\"wp-element-caption\">\t\t\t\t\t\t<\/figcaption><\/figure>\n<\/div>\n<\/div><\/div><\/div>\n<\/div>\n<\/div><div class=\"gb-shapes\"><div class=\"gb-shape gb-shape-1\"><svg xmlns=\"http:\/\/www.w3.org\/2000\/svg\" viewBox=\"0 0 1200 50\" preserveAspectRatio=\"none\"><path d=\"M1200 0v50H0V0h560l40 30 40-30z\"\/><\/svg><\/div><\/div><\/div>\n\n<div class=\"gb-container gb-container-232df60a\"><div class=\"gb-inside-container\">\n\n<h3 class=\"gb-headline gb-headline-c53c56ad gb-headline-text\">Nuestros resultados nos avalan<\/h3>\n\n\n<div class=\"gb-grid-wrapper gb-grid-wrapper-a0599a38\">\n<div class=\"gb-grid-column gb-grid-column-42faed85\"><div class=\"gb-container gb-container-42faed85\"><div class=\"gb-inside-container\">\n\n<p class=\"gb-headline gb-headline-d700dcd9 gb-headline-text\">92 %<\/p>\n\n\n\n<p class=\"gb-headline gb-headline-efaea408 gb-headline-text\"><mark style=\"background-color:rgba(0, 0, 0, 0)\" class=\"has-inline-color has-base-3-color\">Graduados<\/mark><\/p>\n\n<\/div><\/div><\/div>\n\n<div class=\"gb-grid-column gb-grid-column-b497380c\"><div class=\"gb-container gb-container-b497380c\"><div class=\"gb-inside-container\">\n\n<p class=\"gb-headline gb-headline-ba97c541 gb-headline-text\">50 %<\/p>\n\n\n\n<p class=\"gb-headline gb-headline-9d7eba90 gb-headline-text\"><mark style=\"background-color:rgba(0, 0, 0, 0)\" class=\"has-inline-color has-base-3-color\">Inserci\u00f3n laboral<\/mark><\/p>\n\n<\/div><\/div><\/div>\n<\/div>\n<\/div><div class=\"gb-shapes\"><div class=\"gb-shape gb-shape-1\"><svg xmlns=\"http:\/\/www.w3.org\/2000\/svg\" viewBox=\"0 0 1200 50\" preserveAspectRatio=\"none\"><path d=\"M640 30L600 0l-40 30H0v20h1200V30z\"\/><\/svg><\/div><\/div><\/div>\n\n<div class=\"gb-container gb-container-de83c77e\"><div class=\"gb-inside-container\">\n\n<h2 class=\"gb-headline gb-headline-22754dc9 gb-headline-text\">Marketing y Publicidad, materias curriculares<\/h2>\n\n\n\n<p class=\"has-text-align-center has-contrast-color has-text-color\">A continuaci\u00f3n, mostramos los m\u00f3dulos profesionales que conforman la FP del grado superior de Marketing y Publicidad:<\/p>\n\n<\/div><\/div>\n\n<div class=\"gb-grid-wrapper gb-grid-wrapper-5da7192f\">\n<div class=\"gb-grid-column gb-grid-column-9862d1c4\"><div class=\"gb-container gb-container-9862d1c4\"><div class=\"gb-inside-container\">\n\n<figure class=\"wp-block-table is-style-regular\">\n<table class=\"has-accent-color has-base-2-background-color has-text-color has-background has-fixed-layout\">\n<tbody>\n<tr>\n<td class=\"tb-hd5\" data-align=\"center\">MP<\/td>\n<td class=\"tb-hd5\" data-align=\"center\">MP<\/td>\n<\/tr>\n<tr>\n<td class=\"has-text-align-center\" data-align=\"center\">\n<h3>Atenci\u00f3n al cliente, consumidor y usuario.<\/h3>\n<\/td>\n<td class=\"has-text-align-center\" data-align=\"center\">\n<h3>Dise\u00f1o y elaboraci\u00f3n de material de comunicaci\u00f3n.<\/h3>\n<\/td>\n<\/tr>\n<tr>\n<td class=\"tb-hd5\" data-align=\"center\">MP<\/td>\n<td class=\"tb-hd5\" data-align=\"center\">MP<\/td>\n<\/tr>\n<tr>\n<td class=\"has-text-align-center\" data-align=\"center\">\n<h3>Gesti\u00f3n econ\u00f3mica y financiera de la empresa.<\/h3>\n<\/td>\n<td class=\"has-text-align-center\" data-align=\"center\">\n<h3>Investigaci\u00f3n comercial.<\/h3>\n<\/td>\n<\/tr>\n<tr>\n<td class=\"tb-hd5\" data-align=\"center\">MP<\/td>\n<td class=\"tb-hd5\" data-align=\"center\">MP<\/td>\n<\/tr>\n<tr>\n<td class=\"has-text-align-center\" data-align=\"center\">\n<h3>Trabajo de campo en la investigaci\u00f3n comercial.<\/h3>\n<\/td>\n<td class=\"has-text-align-center\" data-align=\"center\">\n<h3>Lanzamiento de productos y servicios.<\/h3>\n<\/td>\n<\/tr>\n<tr>\n<td class=\"tb-hd5\" data-align=\"center\">MP<\/td>\n<td class=\"tb-hd5\" data-align=\"center\">MP<\/td>\n<\/tr>\n<tr>\n<td class=\"has-text-align-center\" data-align=\"center\">\n<h3>Marketing digital.<\/h3>\n<\/td>\n<td class=\"has-text-align-center\" data-align=\"center\">\n<h3>Medios y soportes de comunicaci\u00f3n.<\/h3>\n<\/td>\n<\/tr>\n<tr>\n<td class=\"tb-hd5\" data-align=\"center\">MP<\/td>\n<td class=\"tb-hd5\" data-align=\"center\">MP<\/td>\n<\/tr>\n<tr>\n<td class=\"has-text-align-center\" data-align=\"center\">\n<h3>Pol\u00edticas de marketing.<\/h3>\n<\/td>\n<td class=\"has-text-align-center\" data-align=\"center\">\n<h3>Relaciones p\u00fablicas y organizaci\u00f3n de eventos de marketing.<\/h3>\n<\/td>\n<\/tr>\n<tr>\n<td class=\"tb-hd5\" data-align=\"center\">MP<\/td>\n<td class=\"tb-hd5\" data-align=\"center\">MP<\/td>\n<\/tr>\n<tr>\n<td class=\"has-text-align-center\" data-align=\"center\">\n<h3>Ingl\u00e9s profesional.<\/h3>\n<\/td>\n<td class=\"has-text-align-center\" data-align=\"center\">\n<h3>Itinerario personal para la ocupaci\u00f3n I.<\/h3>\n<\/td>\n<\/tr>\n<tr>\n<td class=\"tb-hd5\" data-align=\"center\">MP<\/td>\n<td class=\"tb-hd5\" data-align=\"center\">MP<\/td>\n<\/tr>\n<tr>\n<td class=\"has-text-align-center\" data-align=\"center\">\n<h3>Proyecto intermodular.<\/h3>\n<\/td>\n<td class=\"has-text-align-center\" data-align=\"center\">\n<h3>Itinerario personal para la ocupabilidad II.<\/h3>\n<\/td>\n<\/tr>\n<tr>\n<td class=\"tb-hd5\" data-align=\"center\">MP<\/td>\n<td class=\"tb-hd5\" data-align=\"center\">MP<\/td>\n<\/tr>\n<tr>\n<td class=\"has-text-align-center\" data-align=\"center\">\n<h3>Catal\u00e1n profesional.<\/h3>\n<\/td>\n<td class=\"has-text-align-center\" data-align=\"center\">\n<h3>Digitalizaci\u00f3n.<\/h3>\n<\/td>\n<\/tr>\n<tr>\n<td class=\"tb-hd5\" data-align=\"center\">MP<\/td>\n<td class=\"tb-hd5\" data-align=\"center\">MP<\/td>\n<\/tr>\n<tr>\n<td class=\"has-text-align-center\" data-align=\"center\">\n<h3>Sostenibilidad.<\/h3>\n<\/td>\n<td class=\"has-text-align-center\" data-align=\"center\">\n<h3>M\u00f3dulo optativo.<\/h3>\n<\/td>\n<\/tr>\n<\/tbody>\n<\/table>\n<\/figure>\n\n<\/div><\/div><\/div>\n\n<div class=\"gb-grid-column gb-grid-column-c7fe1b8b\"><div class=\"gb-container gb-container-c7fe1b8b\"><div class=\"gb-inside-container\">\n\n<h2 class=\"gb-headline gb-headline-6f6dae68 gb-headline-text\">Salidas profesionales como t\u00e9cnico superior<\/h2>\n\n\n\n<div style=\"height:10px\" aria-hidden=\"true\" class=\"wp-block-spacer\"><\/div>\n\n\n\n<ul class=\"wp-block-list has-accent-color has-base-2-background-color has-text-color has-background\">\n<li>Departamentos de marketing.<\/li>\n\n\n\n<li>Marketing digital.<\/li>\n\n\n\n<li>Publicidad y comunicaci\u00f3n.<\/li>\n\n\n\n<li>Investigaci\u00f3n comercial.<\/li>\n<\/ul>\n\n\n\n<h2 class=\"gb-headline gb-headline-7f4ed5d3 gb-headline-text\">Salidas acad\u00e9micas <\/h2>\n\n\n\n<div style=\"height:10px\" aria-hidden=\"true\" class=\"wp-block-spacer\"><\/div>\n\n\n\n<ul class=\"wp-block-list has-accent-color has-base-2-background-color has-text-color has-background\">\n<li>Cursos para la <strong>especializaci\u00f3n profesional<\/strong>.  <\/li>\n\n\n\n<li>Acceder a un <strong>grado universitario.<\/strong><\/li>\n\n\n\n<li>Cursar otro <strong>ciclo formativo<\/strong> de <strong>grado superior <\/strong>de la misma rama de comercio y marketing como son los ciclos para el t\u00edtulo de t\u00e9cnico superior en Comercio Internacional, en Gesti\u00f3n de Ventas y Espacios Comerciales o, en Transporte y Log\u00edstica.<\/li>\n\n\n\n<li><strong>Estudios universitarios<\/strong> con la posibilidad de establecer <strong>convalidaciones<\/strong> de acuerdo con la normativa vigente.<\/li>\n<\/ul>\n\n<\/div><\/div><\/div>\n<\/div>\n\n<div class=\"gb-container gb-container-eb1ae1f1\"><div class=\"gb-inside-container\">\n\n<h2 class=\"gb-headline gb-headline-a4523426\"><span class=\"gb-icon\"><svg aria-hidden=\"true\" role=\"img\" height=\"1em\" width=\"1em\" viewBox=\"0 0 512 512\" xmlns=\"http:\/\/www.w3.org\/2000\/svg\"><path fill=\"currentColor\" d=\"M328 256c0 39.8-32.2 72-72 72s-72-32.2-72-72 32.2-72 72-72 72 32.2 72 72zm104-72c-39.8 0-72 32.2-72 72s32.2 72 72 72 72-32.2 72-72-32.2-72-72-72zm-352 0c-39.8 0-72 32.2-72 72s32.2 72 72 72 72-32.2 72-72-32.2-72-72-72z\"><\/path><\/svg><\/span><span class=\"gb-headline-text\">Empresas colaboradoras de pr\u00e1cticas<\/span><\/h2>\n\n\n<div class=\"gb-grid-wrapper gb-grid-wrapper-0a2fa7d2\">\n<div class=\"gb-grid-column gb-grid-column-2620c948\"><div class=\"gb-container gb-container-2620c948\"><div class=\"gb-inside-container\">\n<div class=\"wp-block-image\">\n<figure class=\"aligncenter size-large\"><img loading=\"lazy\" decoding=\"async\" width=\"1024\" height=\"512\" src=\"https:\/\/www.lopezvicu.info\/wp-content\/uploads\/2022\/11\/Mapfre_logo.svg_-1024x512.png\" alt=\"\" class=\"wp-image-16215\" srcset=\"https:\/\/www.lopezvicu.info\/wp-content\/uploads\/2022\/11\/Mapfre_logo.svg_-1024x512.png 1024w, https:\/\/www.lopezvicu.info\/wp-content\/uploads\/2022\/11\/Mapfre_logo.svg_-300x150.png 300w, https:\/\/www.lopezvicu.info\/wp-content\/uploads\/2022\/11\/Mapfre_logo.svg_-768x384.png 768w, https:\/\/www.lopezvicu.info\/wp-content\/uploads\/2022\/11\/Mapfre_logo.svg_.png 1280w\" sizes=\"auto, (max-width: 1024px) 100vw, 1024px\" \/><figcaption class=\"wp-element-caption\">\t\t\t\t\t\t<\/figcaption><\/figure>\n<\/div>\n<\/div><\/div><\/div>\n\n<div class=\"gb-grid-column gb-grid-column-93d1de8d\"><div class=\"gb-container gb-container-93d1de8d\"><div class=\"gb-inside-container\">\n<div class=\"wp-block-image\">\n<figure class=\"aligncenter size-full\"><img loading=\"lazy\" decoding=\"async\" width=\"300\" height=\"122\" src=\"https:\/\/www.lopezvicu.info\/wp-content\/uploads\/2024\/02\/GF_logo-2-300x122-1.png\" alt=\"\" class=\"wp-image-21577\"\/><figcaption class=\"wp-element-caption\">\t\t\t\t\t\t<\/figcaption><\/figure>\n<\/div>\n<\/div><\/div><\/div>\n\n<div class=\"gb-grid-column gb-grid-column-09d467ef\"><div class=\"gb-container gb-container-09d467ef\"><div class=\"gb-inside-container\">\n<div class=\"wp-block-image\">\n<figure class=\"aligncenter size-large\"><img decoding=\"async\" src=\"https:\/\/www.lopezvicu.info\/wp-content\/uploads\/2022\/11\/Fundacion_Bertelsmann-1024x337.png\" alt=\"\" class=\"wp-image-16223\"\/><figcaption class=\"wp-element-caption\">\t\t\t\t\t\t<\/figcaption><\/figure>\n<\/div>\n<\/div><\/div><\/div>\n\n<div class=\"gb-grid-column gb-grid-column-1ae2dad4\"><div class=\"gb-container gb-container-1ae2dad4\"><div class=\"gb-inside-container\">\n<div class=\"wp-block-image\">\n<figure class=\"aligncenter size-full\"><img loading=\"lazy\" decoding=\"async\" width=\"1080\" height=\"1080\" src=\"https:\/\/www.lopezvicu.info\/wp-content\/uploads\/2024\/12\/EOC-3.png\" alt=\"\" class=\"wp-image-26219\" srcset=\"https:\/\/www.lopezvicu.info\/wp-content\/uploads\/2024\/12\/EOC-3.png 1080w, https:\/\/www.lopezvicu.info\/wp-content\/uploads\/2024\/12\/EOC-3-300x300.png 300w, https:\/\/www.lopezvicu.info\/wp-content\/uploads\/2024\/12\/EOC-3-1024x1024.png 1024w, https:\/\/www.lopezvicu.info\/wp-content\/uploads\/2024\/12\/EOC-3-150x150.png 150w, https:\/\/www.lopezvicu.info\/wp-content\/uploads\/2024\/12\/EOC-3-768x768.png 768w, https:\/\/www.lopezvicu.info\/wp-content\/uploads\/2024\/12\/EOC-3-400x400.png 400w, https:\/\/www.lopezvicu.info\/wp-content\/uploads\/2024\/12\/EOC-3-600x600.png 600w\" sizes=\"auto, (max-width: 1080px) 100vw, 1080px\" \/><\/figure>\n<\/div>\n<\/div><\/div><\/div>\n<\/div>\n<\/div><div class=\"gb-shapes\"><div class=\"gb-shape gb-shape-1\"><svg xmlns=\"http:\/\/www.w3.org\/2000\/svg\" viewBox=\"0 0 1200 50\" preserveAspectRatio=\"none\"><path d=\"M1200 0v50H0V0h560l40 30 40-30z\"\/><\/svg><\/div><\/div><\/div>\n\n<div class=\"gb-container gb-container-b2505e94\"><div class=\"gb-inside-container\">\n\n<p class=\"gb-headline gb-headline-91de867a gb-headline-text\">\u00bfTODAV\u00cdA NO TE HAS DECIDIDO?<\/p>\n\n\n<div class=\"gb-button-wrapper gb-button-wrapper-e7b9861d\">\n\n<a class=\"gb-button gb-button-ebacb98b gb-button-text\" href=\"https:\/\/www.lopezvicu.info\/es\/cfgs-marketing-y-publicidad\/#contacto\">Contacta con nosotros<\/a>\n\n<\/div>\n<\/div><\/div>\n\n\n<h2 class=\"gb-headline gb-headline-9b4c277d gb-headline-text\">Preguntas frecuentes<\/h2>\n\n\n<div class=\"gb-container gb-container-52a3726e\"><div class=\"gb-inside-container\">\n\n<div class=\"schema-faq wp-block-yoast-faq-block\"><div class=\"schema-faq-section\" id=\"faq-question-1646337556957\"><strong class=\"schema-faq-question\">\u00bfCu\u00e1nto tiempo dura la formaci\u00f3n profesional de grado superior de Marketing y Publicidad?<\/strong> <p class=\"schema-faq-answer\">Tiene una duraci\u00f3n de <strong>dos cursos acad\u00e9micos<\/strong>, con un total de <strong>2000 horas<\/strong>.<\/p> <\/div> <div class=\"schema-faq-section\" id=\"faq-question-1646337573329\"><strong class=\"schema-faq-question\">\u00bfCu\u00e1les son los requisitos de acceso y admisi\u00f3n al CFGS?<\/strong> <p class=\"schema-faq-answer\">Tener el <strong>t\u00edtulo de bachillerato<\/strong>.<br\/>Tener el <strong>t\u00edtulo de t\u00e9cnico de formaci\u00f3n profesional <\/strong>(CFGM),<strong> t\u00e9cnico superior de formaci\u00f3n profesional<\/strong> (CFGS) <strong>o<\/strong>, <strong>t\u00e9cnico especialista <\/strong>(FP2).<br\/>Haber <strong>superado <\/strong>el <strong>segundo curso de bachillerato<\/strong> de <strong>cualquier modalidad<\/strong> de <strong>bachillerato experimental.<\/strong><br\/>Haber <strong>superado <\/strong>el<strong> curso de orientaci\u00f3n universitaria<\/strong> (COU) <strong>o <\/strong>el <strong>preuniversitario<\/strong>.<br\/>Tener el <strong>t\u00edtulo <\/strong>de bachillerato por haber cursado el <strong>bachillerato unificado polivalente<\/strong> (BUP).<br\/>Tener cualquier <strong>titulaci\u00f3n universitaria o equivalente<\/strong>.<br\/>Haber <strong>superado <\/strong>la <strong>prueba de acceso a la universidad<\/strong> para <strong>mayores de 25 a\u00f1os.<\/strong><br\/>Las <strong>personas <\/strong>que <strong>no cumplen <\/strong>ninguno de los <strong>requisitos <\/strong>mencionados, <strong>deben superar <\/strong>una <strong>prueba de acceso<\/strong> que, para presentarse, es <strong>necesario <\/strong>tener <strong>19 a\u00f1os o <\/strong>bien <strong>cumplirlos durante el a\u00f1o natural<\/strong> en el que se <strong>realiza la prueba.<\/strong><\/p> <\/div> <div class=\"schema-faq-section\" id=\"faq-question-1646337590170\"><strong class=\"schema-faq-question\">\u00bfDe qu\u00e9 rama forma parte el grado superior de Marketing y Publicidad?<\/strong> <p class=\"schema-faq-answer\">Forma parte de la familia de <strong>comercio y marketing.<\/strong><\/p> <\/div> <div class=\"schema-faq-section\" id=\"faq-question-1646337605181\"><strong class=\"schema-faq-question\">\u00bfCu\u00e1l es el per\u00edodo de preinscripci\u00f3n para el CFGS de Marketing y publicidad para el curso 2024-2025?<\/strong> <p class=\"schema-faq-answer\">Del <strong>24 al 30 de mayo de 2024.<\/strong><\/p> <\/div> <div class=\"schema-faq-section\" id=\"faq-question-1646337619471\"><strong class=\"schema-faq-question\">\u00bfOfrecen la posibilidad de hacer pr\u00e1cticas en el grado superior de Marketing y publicidad?<\/strong> <p class=\"schema-faq-answer\"><strong>Si<\/strong>, trabajamos en colaboraci\u00f3n con distintas <strong>empresas colaboradoras del sector<\/strong>.<\/p> <\/div> <div class=\"schema-faq-section\" id=\"faq-question-1646337635294\"><strong class=\"schema-faq-question\">\u00bfSe puede elegir d\u00f3nde llevar a cabo las pr\u00e1cticas?<\/strong> <p class=\"schema-faq-answer\">Aunque tenemos empresas colaboradoras del sector, si hay alguna <strong>otra empresa<\/strong> que pueda <strong>interesarte<\/strong>, tambi\u00e9n <strong>es posible <\/strong>poder <strong>llevar a cabo las pr\u00e1cticas con \u00e9sta<\/strong>. Haremos una valoraci\u00f3n de la propuesta y estudiaremos su idoneidad. <\/p> <\/div> <div class=\"schema-faq-section\" id=\"faq-question-1646337648936\"><strong class=\"schema-faq-question\">\u00bfQu\u00e9 voy a hacer durante el curso?<\/strong> <p class=\"schema-faq-answer\">Podr\u00e1s realizar <strong>pr\u00e1cticas <\/strong>en <strong>empresas de referencia<\/strong> en el <strong>sector <\/strong>con un seguimiento cercano del alumno mediante un tutor de pr\u00e1cticas con experiencia en el sector.<br\/>Realizaci\u00f3n de una parte de las horas de la estancia en la empresa<strong> dentro del horario lectivo<\/strong>.<br\/>Asistencia a <strong>charlas de profesionales<\/strong> que trabajan en <strong>distintos sectores<\/strong> empresariales y <strong>de promoci\u00f3n tur\u00edstica<\/strong>.<br\/><strong>Visitas profesionalizadoras<\/strong> que ampl\u00edan los contenidos curriculares.<br\/>Hacer<strong> viaje profesionalizador <\/strong>para conocer el mundo de la empresa y poner en <strong>pr\u00e1ctica <\/strong>los distintos <strong>idiomas<\/strong>.<br\/>Tendr\u00e1s <strong>profesores <\/strong>constantemente <strong>actualizados <\/strong>en el <strong>sector<\/strong>.<br\/>Utilizar\u00e1s una <strong>metodolog\u00eda <\/strong>basada en la <strong>investigaci\u00f3n<\/strong>, el <strong>trabajo cooperativo<\/strong> y el <strong>trabajo por proyectos<\/strong> con la posibilidad de recibir el <strong>asesoramiento <\/strong>de <strong>escuelas de negocios<\/strong> dentro del aula taller.<br\/><strong>Participaci\u00f3n <\/strong>en el proyectos interdisciplinares globalizadores.<br\/>Proyectos basados en <strong>retos reales de empresas<\/strong>.<br\/>Llevar\u00e1s a cabo la impartici\u00f3n de una <strong>parte del curr\u00edculu<\/strong>m<strong> en ingl\u00e9s<\/strong> para <strong>potenciar <\/strong>a\u00fan m\u00e1s esta <strong>lengua extranjera<\/strong>.<br\/>Tendr\u00e1s <strong>posibilidad <\/strong>de acceder a las<strong> becas Erasmus+<\/strong> para la realizaci\u00f3n de <strong>estancias <\/strong>de formaci\u00f3n en <strong>empresas <\/strong>en el <strong>extranjero<\/strong>.<br\/>Posibilidad de <strong>orientaci\u00f3n y acompa\u00f1amiento<\/strong> de un <strong>tutor <\/strong>que <strong>ayuda <\/strong>al alumno a <strong>construir <\/strong>el propio <strong>curr\u00edculum <\/strong>seg\u00fan los intereses de cada uno.<\/p> <\/div> <div class=\"schema-faq-section\" id=\"faq-question-1646337669953\"><strong class=\"schema-faq-question\">\u00bfEs f\u00e1cil llegar al centro de estudio?<\/strong> <p class=\"schema-faq-answer\"><strong>Si<\/strong>, debido a la <strong>cercana <\/strong>ubicaci\u00f3n de la<strong> estaci\u00f3n \u201cGirona\u201d<\/strong> que forma parte de la <strong>l\u00ednea del metro amarilla L4 <\/strong>y, adem\u00e1s, distintas <strong>paradas de autob\u00fas<\/strong> disponibles en las cercan\u00edas.<\/p> <\/div> <\/div>\n\n\n\n<div style=\"height:100px\" aria-hidden=\"true\" class=\"wp-block-spacer\"><\/div>\n\n\n<div class=\"gb-container gb-container-da767ac4\"><div class=\"gb-inside-container\">\n\n<h2 class=\"gb-headline gb-headline-27e7ec96\" id=\"contacto\"><span class=\"gb-icon\"><svg xmlns=\"http:\/\/www.w3.org\/2000\/svg\" viewBox=\"0 0 36.7 3\"><path d=\"M0 0h36.7v3H0z\"><\/path><\/svg><\/span><span class=\"gb-headline-text\">FORMULARIO DE CONTACTO:<\/span><\/h2>\n\n\n<div class=\"gb-container gb-container-457f9609 campo-formulario\"><div class=\"gb-inside-container\">\n<script type=\"text\/javascript\">var gform;gform||(document.addEventListener(\"gform_main_scripts_loaded\",function(){gform.scriptsLoaded=!0}),document.addEventListener(\"gform\/theme\/scripts_loaded\",function(){gform.themeScriptsLoaded=!0}),window.addEventListener(\"DOMContentLoaded\",function(){gform.domLoaded=!0}),gform={domLoaded:!1,scriptsLoaded:!1,themeScriptsLoaded:!1,isFormEditor:()=>\"function\"==typeof InitializeEditor,callIfLoaded:function(o){return!(!gform.domLoaded||!gform.scriptsLoaded||!gform.themeScriptsLoaded&&!gform.isFormEditor()||(gform.isFormEditor()&&console.warn(\"The use of gform.initializeOnLoaded() is deprecated in the form editor context and will be removed in Gravity Forms 3.1.\"),o(),0))},initializeOnLoaded:function(o){gform.callIfLoaded(o)||(document.addEventListener(\"gform_main_scripts_loaded\",()=>{gform.scriptsLoaded=!0,gform.callIfLoaded(o)}),document.addEventListener(\"gform\/theme\/scripts_loaded\",()=>{gform.themeScriptsLoaded=!0,gform.callIfLoaded(o)}),window.addEventListener(\"DOMContentLoaded\",()=>{gform.domLoaded=!0,gform.callIfLoaded(o)}))},hooks:{action:{},filter:{}},addAction:function(o,r,e,t){gform.addHook(\"action\",o,r,e,t)},addFilter:function(o,r,e,t){gform.addHook(\"filter\",o,r,e,t)},doAction:function(o){gform.doHook(\"action\",o,arguments)},applyFilters:function(o){return gform.doHook(\"filter\",o,arguments)},removeAction:function(o,r){gform.removeHook(\"action\",o,r)},removeFilter:function(o,r,e){gform.removeHook(\"filter\",o,r,e)},addHook:function(o,r,e,t,n){null==gform.hooks[o][r]&&(gform.hooks[o][r]=[]);var d=gform.hooks[o][r];null==n&&(n=r+\"_\"+d.length),gform.hooks[o][r].push({tag:n,callable:e,priority:t=null==t?10:t})},doHook:function(r,o,e){var t;if(e=Array.prototype.slice.call(e,1),null!=gform.hooks[r][o]&&((o=gform.hooks[r][o]).sort(function(o,r){return o.priority-r.priority}),o.forEach(function(o){\"function\"!=typeof(t=o.callable)&&(t=window[t]),\"action\"==r?t.apply(null,e):e[0]=t.apply(null,e)})),\"filter\"==r)return e[0]},removeHook:function(o,r,t,n){var e;null!=gform.hooks[o][r]&&(e=(e=gform.hooks[o][r]).filter(function(o,r,e){return!!(null!=n&&n!=o.tag||null!=t&&t!=o.priority)}),gform.hooks[o][r]=e)}});<\/script>\n                <div class='gf_browser_gecko gform_wrapper gravity-theme gform-theme--no-framework' data-form-theme='gravity-theme' data-form-index='0' id='gform_wrapper_10' >\n                        <div class='gform_heading'>\n                            <p class='gform_description'><\/p>\n                        <\/div><form method='post' enctype='multipart\/form-data'  id='gform_10'  action='\/es\/wp-json\/wp\/v2\/pages\/5136' data-formid='10' novalidate><div class='gf_invisible ginput_recaptchav3' data-sitekey='6LdBQogpAAAAAB_xCAVulUR77sA1TnmrXPIy3S6l' data-tabindex='0'><input id=\"input_a1ba7c8d4cce1fd2b36c6e7bd47d68d5\" class=\"gfield_recaptcha_response\" type=\"hidden\" name=\"input_a1ba7c8d4cce1fd2b36c6e7bd47d68d5\" value=\"\"\/><\/div>\n                        <div class='gform-body gform_body'><div id='gform_fields_10' class='gform_fields top_label form_sublabel_below description_below validation_below'><fieldset id=\"field_10_1\" class=\"gfield gfield--type-name gfield--input-type-name gfield_contains_required field_sublabel_hidden_label gfield--no-description field_description_below field_validation_below gfield_visibility_visible\"  data-js-reload=\"field_10_1\" ><legend class='gfield_label gform-field-label gfield_label_before_complex' >Nombre<span class=\"gfield_required\"><span class=\"gfield_required gfield_required_text\">(Obligatorio)<\/span><\/span><\/legend><div class='ginput_complex ginput_container ginput_container--name no_prefix has_first_name no_middle_name no_last_name no_suffix gf_name_has_1 ginput_container_name gform-grid-row' id='input_10_1'>\n                            \n                            <span id='input_10_1_3_container' class='name_first gform-grid-col gform-grid-col--size-auto' >\n                                                    <input type='text' name='input_1.3' id='input_10_1_3' value=''   aria-required='true'     \/>\n                                                    <label for='input_10_1_3' class='gform-field-label gform-field-label--type-sub hidden_sub_label screen-reader-text'>Nombre<\/label>\n                                                <\/span>\n                            \n                            \n                            \n                        <\/div><\/fieldset><div id=\"field_10_3\" class=\"gfield gfield--type-email gfield--input-type-email gfield--width-full gfield_contains_required field_sublabel_below gfield--no-description field_description_below field_validation_below gfield_visibility_visible\"  data-js-reload=\"field_10_3\" ><label class='gfield_label gform-field-label' for='input_10_3'>Mail<span class=\"gfield_required\"><span class=\"gfield_required gfield_required_text\">(Obligatorio)<\/span><\/span><\/label><div class='ginput_container ginput_container_email'>\n                            <input name='input_3' id='input_10_3' type='email' value='' class='large'    aria-required=\"true\" aria-invalid=\"false\"  \/>\n                        <\/div><\/div><div id=\"field_10_4\" class=\"gfield gfield--type-phone gfield--input-type-phone gfield--width-full field_sublabel_below gfield--no-description field_description_below field_validation_below gfield_visibility_visible\"  data-js-reload=\"field_10_4\" ><label class='gfield_label gform-field-label' for='input_10_4'>Tel\u00e9fono<\/label><div class='ginput_container ginput_container_phone'><input name='input_4' id='input_10_4' type='tel' value='' class='large'    aria-invalid=\"false\"   \/><\/div><\/div><div id=\"field_10_7\" class=\"gfield gfield--type-text gfield--input-type-text gfield--width-full field_sublabel_below gfield--no-description field_description_below field_validation_below gfield_visibility_visible\"  data-js-reload=\"field_10_7\" ><label class='gfield_label gform-field-label' for='input_10_7'>Missatge<\/label><div class='ginput_container ginput_container_text'><input name='input_7' id='input_10_7' type='text' value='' class='large'      aria-invalid=\"false\"   \/><\/div><\/div><fieldset id=\"field_10_6\" class=\"gfield gfield--type-consent gfield--type-choice gfield--input-type-consent gfield--width-full gfield_contains_required field_sublabel_below gfield--no-description field_description_below field_validation_below gfield_visibility_visible\"  data-js-reload=\"field_10_6\" ><legend class='gfield_label gform-field-label gfield_label_before_complex' >Consentimiento<span class=\"gfield_required\"><span class=\"gfield_required gfield_required_text\">(Obligatorio)<\/span><\/span><\/legend><div class='ginput_container ginput_container_consent'><input name='input_6.1' id='input_10_6_1' type='checkbox' value='1'   aria-required=\"true\" aria-invalid=\"false\"   \/> <label class=\"gform-field-label gform-field-label--type-inline gfield_consent_label\" for='input_10_6_1' >Estoy de acuerdo con la <a href=\"https:\/\/www.lopezvicu.info\/es\/politica-de-privacidad\/\" target=\"_blank\" rel=\"noopener noreferrer\">Pol\u00edtica de privacidad<\/a><\/label><input type='hidden' name='input_6.2' value='Estoy de acuerdo con la &lt;a href=&quot;https:\/\/www.lopezvicu.info\/es\/politica-de-privacidad\/&quot; target=&quot;_blank&quot; rel=&quot;noopener noreferrer&quot;&gt;Pol\u00edtica de privacidad&lt;\/a&gt;' class='gform_hidden' \/><input type='hidden' name='input_6.3' value='16' class='gform_hidden' \/><\/div><\/fieldset><\/div><\/div>\n        <div class='gform-footer gform_footer top_label'> <input type='submit' id='gform_submit_button_10' class='gform_button button' onclick='gform.submission.handleButtonClick(this);' value='Enviar'  \/> \n            <input type='hidden' class='gform_hidden' name='gform_submission_method' data-js='gform_submission_method_10' value='postback' \/>\n            <input type='hidden' class='gform_hidden' name='gform_theme' data-js='gform_theme_10' id='gform_theme_10' value='gravity-theme' \/>\n            <input type='hidden' class='gform_hidden' name='gform_style_settings' data-js='gform_style_settings_10' id='gform_style_settings_10' value='{&quot;inputPrimaryColor&quot;:&quot;#204ce5&quot;}' \/>\n            <input type='hidden' class='gform_hidden' name='is_submit_10' value='1' \/>\n            <input type='hidden' class='gform_hidden' name='gform_submit' value='10' \/>\n            \n            <input type='hidden' class='gform_hidden' name='gform_unique_id' value='' \/>\n            <input type='hidden' class='gform_hidden' name='state_10' value='WyJ7XCI2LjFcIjpcImQ1ZGFiZWJjMDBkM2Q0YTBmZDA2NjYwOTM2OTI2NzU5XCIsXCI2LjJcIjpcImRiOTRmNjUxNzM2OTllMGZjODEwNzQ1ODI4YTc0Nzg5XCIsXCI2LjNcIjpcImRhNTBkZTI3YzQ3NDM1MjgwMjEwNGNkODQ5MTI4NDc2XCJ9IiwiMGVjMmUxMjg5MGQ0ZjJlZDdhNGNmNmM1Mzc5Y2U0NDAiXQ==' \/>\n            <input type='hidden' autocomplete='off' class='gform_hidden' name='gform_target_page_number_10' id='gform_target_page_number_10' value='0' \/>\n            <input type='hidden' autocomplete='off' class='gform_hidden' name='gform_source_page_number_10' id='gform_source_page_number_10' value='1' \/>\n            <input type='hidden' name='gform_field_values' value='' \/>\n            \n        <\/div>\n                        <\/form>\n                        <\/div><script>\ngform.initializeOnLoaded( function() {gformInitSpinner( 10, 'https:\/\/www.lopezvicu.info\/wp-content\/plugins\/gravityforms\/images\/spinner.svg', true );jQuery('#gform_ajax_frame_10').on('load',function(){var contents = jQuery(this).contents().find('*').html();var is_postback = contents.indexOf('GF_AJAX_POSTBACK') >= 0;if(!is_postback){return;}var form_content = jQuery(this).contents().find('#gform_wrapper_10');var is_confirmation = jQuery(this).contents().find('#gform_confirmation_wrapper_10').length > 0;var is_redirect = contents.indexOf('gformRedirect(){') >= 0;var is_form = form_content.length > 0 && ! is_redirect && ! is_confirmation;var mt = parseInt(jQuery('html').css('margin-top'), 10) + parseInt(jQuery('body').css('margin-top'), 10) + 100;if(is_form){jQuery('#gform_wrapper_10').html(form_content.html());if(form_content.hasClass('gform_validation_error')){jQuery('#gform_wrapper_10').addClass('gform_validation_error');} else {jQuery('#gform_wrapper_10').removeClass('gform_validation_error');}setTimeout( function() { \/* delay the scroll by 50 milliseconds to fix a bug in chrome *\/  }, 50 );if(window['gformInitDatepicker']) {gformInitDatepicker();}if(window['gformInitPriceFields']) {gformInitPriceFields();}var current_page = jQuery('#gform_source_page_number_10').val();gformInitSpinner( 10, 'https:\/\/www.lopezvicu.info\/wp-content\/plugins\/gravityforms\/images\/spinner.svg', true );jQuery(document).trigger('gform_page_loaded', [10, current_page]);window['gf_submitting_10'] = false;}else if(!is_redirect){var confirmation_content = jQuery(this).contents().find('.GF_AJAX_POSTBACK').html();if(!confirmation_content){confirmation_content = contents;}jQuery('#gform_wrapper_10').replaceWith(confirmation_content);jQuery(document).trigger('gform_confirmation_loaded', [10]);window['gf_submitting_10'] = false;wp.a11y.speak(jQuery('#gform_confirmation_message_10').text());}else{jQuery('#gform_10').append(contents);if(window['gformRedirect']) {gformRedirect();}}jQuery(document).trigger(\"gform_pre_post_render\", [{ formId: \"10\", currentPage: \"current_page\", abort: function() { this.preventDefault(); } }]);                if (event && event.defaultPrevented) {                return;         }        const gformWrapperDiv = document.getElementById( \"gform_wrapper_10\" );        if ( gformWrapperDiv ) {            const visibilitySpan = document.createElement( \"span\" );            visibilitySpan.id = \"gform_visibility_test_10\";            gformWrapperDiv.insertAdjacentElement( \"afterend\", visibilitySpan );        }        const visibilityTestDiv = document.getElementById( \"gform_visibility_test_10\" );        let postRenderFired = false;                function triggerPostRender() {            if ( postRenderFired ) {                return;            }            postRenderFired = true;            jQuery( document ).trigger( 'gform_post_render', [10, current_page] );            gform.utils.trigger( { event: 'gform\/postRender', native: false, data: { formId: 10, currentPage: current_page } } );            gform.utils.trigger( { event: 'gform\/post_render', native: false, data: { formId: 10, currentPage: current_page } } );            if ( visibilityTestDiv ) {                visibilityTestDiv.parentNode.removeChild( visibilityTestDiv );            }        }        function debounce( func, wait, immediate ) {            var timeout;            return function() {                var context = this, args = arguments;                var later = function() {                    timeout = null;                    if ( !immediate ) func.apply( context, args );                };                var callNow = immediate && !timeout;                clearTimeout( timeout );                timeout = setTimeout( later, wait );                if ( callNow ) func.apply( context, args );            };        }        const debouncedTriggerPostRender = debounce( function() {            triggerPostRender();        }, 200 );        if ( visibilityTestDiv && visibilityTestDiv.offsetParent === null ) {            const observer = new MutationObserver( ( mutations ) => {                mutations.forEach( ( mutation ) => {                    if ( mutation.type === 'attributes' && visibilityTestDiv.offsetParent !== null ) {                        debouncedTriggerPostRender();                        observer.disconnect();                    }                });            });            observer.observe( document.body, {                attributes: true,                childList: false,                subtree: true,                attributeFilter: [ 'style', 'class' ],            });        } else {            triggerPostRender();        }    } );} );\n<\/script>\n\n<\/div><\/div>\n<\/div><\/div>\n<\/div><\/div>","protected":false},"excerpt":{"rendered":"<p>grado superior marketing y publicidad Formamos parte de las Religiosas de Mar\u00eda Inmaculada (RMI), instituci\u00f3n muy reconocida en el barrio de l&#8217;Eixample, que cuenta con &#8230; <\/p>\n<p class=\"read-more-container\"><a title=\"CFGS Marketing y Publicidad Barcelona\" class=\"read-more button\" href=\"https:\/\/www.lopezvicu.info\/es\/cfgs-marketing-y-publicidad\/#more-5136\" aria-label=\"Leer m\u00e1s sobre CFGS Marketing y Publicidad Barcelona\">Leer m\u00e1s<\/a><\/p>\n","protected":false},"author":1,"featured_media":0,"parent":0,"menu_order":0,"comment_status":"closed","ping_status":"closed","template":"","meta":{"footnotes":""},"class_list":["post-5136","page","type-page","status-publish"],"yoast_head":"<!-- This site is optimized with the Yoast SEO Premium plugin v26.0 (Yoast SEO v27.4) - https:\/\/yoast.com\/product\/yoast-seo-premium-wordpress\/ -->\n<title>CFGS Marketing y Publicidad | Barcelona - Centre L\u00f3pez Vicu\u00f1a Barcelona<\/title>\n<meta name=\"description\" content=\"Conoce todo sobre el ciclo formativo de grado superior de marketing y publicidad en nuestro centro concertado L\u00f3pez Vicu\u00f1a y \u00a1empieza ya!.\" \/>\n<meta name=\"robots\" content=\"index, follow, max-snippet:-1, max-image-preview:large, max-video-preview:-1\" \/>\n<link rel=\"canonical\" href=\"https:\/\/www.lopezvicu.info\/es\/cfgs-marketing-y-publicidad\/\" \/>\n<meta property=\"og:locale\" content=\"es_ES\" \/>\n<meta property=\"og:type\" content=\"article\" \/>\n<meta property=\"og:title\" content=\"CFGS Marketing y Publicidad Barcelona\" \/>\n<meta property=\"og:description\" content=\"Conoce todo sobre el ciclo formativo de grado superior de marketing y publicidad en nuestro centro concertado L\u00f3pez Vicu\u00f1a y \u00a1empieza ya!.\" \/>\n<meta property=\"og:url\" content=\"https:\/\/www.lopezvicu.info\/es\/cfgs-marketing-y-publicidad\/\" \/>\n<meta property=\"og:site_name\" content=\"Centre L\u00f3pez Vicu\u00f1a Barcelona\" \/>\n<meta property=\"article:publisher\" content=\"https:\/\/www.facebook.com\/LopezVicuBCN\/\" \/>\n<meta property=\"article:modified_time\" content=\"2026-04-07T12:43:44+00:00\" \/>\n<meta property=\"og:image\" content=\"https:\/\/www.lopezvicu.info\/wp-content\/uploads\/2022\/04\/IG_0136.jpg\" \/>\n\t<meta property=\"og:image:width\" content=\"1920\" \/>\n\t<meta property=\"og:image:height\" content=\"1280\" \/>\n\t<meta property=\"og:image:type\" content=\"image\/jpeg\" \/>\n<meta name=\"twitter:card\" content=\"summary_large_image\" \/>\n<meta name=\"twitter:site\" content=\"@lopezvicubcn\" \/>\n<meta name=\"twitter:label1\" content=\"Tiempo de lectura\" \/>\n\t<meta name=\"twitter:data1\" content=\"8 minutos\" \/>\n<script type=\"application\/ld+json\" class=\"yoast-schema-graph\">{\"@context\":\"https:\\\/\\\/schema.org\",\"@graph\":[{\"@type\":[\"WebPage\",\"FAQPage\"],\"@id\":\"https:\\\/\\\/www.lopezvicu.info\\\/es\\\/cfgs-marketing-y-publicidad\\\/\",\"url\":\"https:\\\/\\\/www.lopezvicu.info\\\/es\\\/cfgs-marketing-y-publicidad\\\/\",\"name\":\"CFGS Marketing y Publicidad | Barcelona - Centre L\u00f3pez Vicu\u00f1a Barcelona\",\"isPartOf\":{\"@id\":\"https:\\\/\\\/www.lopezvicu.info\\\/es\\\/#website\"},\"primaryImageOfPage\":{\"@id\":\"https:\\\/\\\/www.lopezvicu.info\\\/es\\\/cfgs-marketing-y-publicidad\\\/#primaryimage\"},\"image\":{\"@id\":\"https:\\\/\\\/www.lopezvicu.info\\\/es\\\/cfgs-marketing-y-publicidad\\\/#primaryimage\"},\"thumbnailUrl\":\"https:\\\/\\\/www.lopezvicu.info\\\/wp-content\\\/uploads\\\/2022\\\/04\\\/IG_0136-1024x683.jpg\",\"datePublished\":\"2022-01-27T16:15:06+00:00\",\"dateModified\":\"2026-04-07T12:43:44+00:00\",\"description\":\"Conoce todo sobre el ciclo formativo de grado superior de marketing y publicidad en nuestro centro concertado L\u00f3pez Vicu\u00f1a y \u00a1empieza ya!.\",\"breadcrumb\":{\"@id\":\"https:\\\/\\\/www.lopezvicu.info\\\/es\\\/cfgs-marketing-y-publicidad\\\/#breadcrumb\"},\"mainEntity\":[{\"@id\":\"https:\\\/\\\/www.lopezvicu.info\\\/es\\\/cfgs-marketing-y-publicidad\\\/#faq-question-1646337556957\"},{\"@id\":\"https:\\\/\\\/www.lopezvicu.info\\\/es\\\/cfgs-marketing-y-publicidad\\\/#faq-question-1646337573329\"},{\"@id\":\"https:\\\/\\\/www.lopezvicu.info\\\/es\\\/cfgs-marketing-y-publicidad\\\/#faq-question-1646337590170\"},{\"@id\":\"https:\\\/\\\/www.lopezvicu.info\\\/es\\\/cfgs-marketing-y-publicidad\\\/#faq-question-1646337605181\"},{\"@id\":\"https:\\\/\\\/www.lopezvicu.info\\\/es\\\/cfgs-marketing-y-publicidad\\\/#faq-question-1646337619471\"},{\"@id\":\"https:\\\/\\\/www.lopezvicu.info\\\/es\\\/cfgs-marketing-y-publicidad\\\/#faq-question-1646337635294\"},{\"@id\":\"https:\\\/\\\/www.lopezvicu.info\\\/es\\\/cfgs-marketing-y-publicidad\\\/#faq-question-1646337648936\"},{\"@id\":\"https:\\\/\\\/www.lopezvicu.info\\\/es\\\/cfgs-marketing-y-publicidad\\\/#faq-question-1646337669953\"}],\"inLanguage\":\"es\",\"potentialAction\":[{\"@type\":\"ReadAction\",\"target\":[\"https:\\\/\\\/www.lopezvicu.info\\\/es\\\/cfgs-marketing-y-publicidad\\\/\"]}]},{\"@type\":\"ImageObject\",\"inLanguage\":\"es\",\"@id\":\"https:\\\/\\\/www.lopezvicu.info\\\/es\\\/cfgs-marketing-y-publicidad\\\/#primaryimage\",\"url\":\"https:\\\/\\\/www.lopezvicu.info\\\/wp-content\\\/uploads\\\/2022\\\/04\\\/IG_0136-1024x683.jpg\",\"contentUrl\":\"https:\\\/\\\/www.lopezvicu.info\\\/wp-content\\\/uploads\\\/2022\\\/04\\\/IG_0136-1024x683.jpg\"},{\"@type\":\"BreadcrumbList\",\"@id\":\"https:\\\/\\\/www.lopezvicu.info\\\/es\\\/cfgs-marketing-y-publicidad\\\/#breadcrumb\",\"itemListElement\":[{\"@type\":\"ListItem\",\"position\":1,\"name\":\"Portada\",\"item\":\"https:\\\/\\\/www.lopezvicu.info\\\/es\\\/\"},{\"@type\":\"ListItem\",\"position\":2,\"name\":\"CFGS Marketing y Publicidad Barcelona\"}]},{\"@type\":\"WebSite\",\"@id\":\"https:\\\/\\\/www.lopezvicu.info\\\/es\\\/#website\",\"url\":\"https:\\\/\\\/www.lopezvicu.info\\\/es\\\/\",\"name\":\"L\u00f3pez Vicu\u00f1a\",\"description\":\"L\u00f3pez Vicu\u00f1a\",\"publisher\":{\"@id\":\"https:\\\/\\\/www.lopezvicu.info\\\/es\\\/#organization\"},\"potentialAction\":[{\"@type\":\"SearchAction\",\"target\":{\"@type\":\"EntryPoint\",\"urlTemplate\":\"https:\\\/\\\/www.lopezvicu.info\\\/es\\\/?s={search_term_string}\"},\"query-input\":{\"@type\":\"PropertyValueSpecification\",\"valueRequired\":true,\"valueName\":\"search_term_string\"}}],\"inLanguage\":\"es\"},{\"@type\":\"Organization\",\"@id\":\"https:\\\/\\\/www.lopezvicu.info\\\/es\\\/#organization\",\"name\":\"Lopez Vicu\u00f1a\",\"url\":\"https:\\\/\\\/www.lopezvicu.info\\\/es\\\/\",\"logo\":{\"@type\":\"ImageObject\",\"inLanguage\":\"es\",\"@id\":\"https:\\\/\\\/www.lopezvicu.info\\\/es\\\/#\\\/schema\\\/logo\\\/image\\\/\",\"url\":\"https:\\\/\\\/www.lopezvicu.info\\\/wp-content\\\/uploads\\\/2022\\\/01\\\/logo.png\",\"contentUrl\":\"https:\\\/\\\/www.lopezvicu.info\\\/wp-content\\\/uploads\\\/2022\\\/01\\\/logo.png\",\"width\":350,\"height\":70,\"caption\":\"Lopez Vicu\u00f1a\"},\"image\":{\"@id\":\"https:\\\/\\\/www.lopezvicu.info\\\/es\\\/#\\\/schema\\\/logo\\\/image\\\/\"},\"sameAs\":[\"https:\\\/\\\/www.facebook.com\\\/LopezVicuBCN\\\/\",\"https:\\\/\\\/x.com\\\/lopezvicubcn\",\"https:\\\/\\\/www.linkedin.com\\\/company\\\/lopezvicubcn\\\/\",\"https:\\\/\\\/www.instagram.com\\\/lopezvicubcn\\\/\",\"https:\\\/\\\/www.youtube.com\\\/@lopezvicubarcelona\"],\"description\":\"L\u00f3pez Vicu\u00f1a \u00e9s un centre concertat autoritzat pel Departament d'Educaci\u00f3 de la Generalitat de Catalunya amb CODI 08035015, per impartir Batxillerat i Cicles Formatius (Grau Mitj\u00e0 i Grau Superior), obert a tothom i comprom\u00e8s amb la realitat social, cultural i econ\u00f2mica que ens envolta i amb un cost econ\u00f2mic que garanteix l\u2019escolaritzaci\u00f3 post-obligat\u00f2ria de tots els estudiants. Situats a l'Eixample, en ple centre de Barcelona, i amb f\u00e0cil acc\u00e9s en transport p\u00fablic. Metodologies actives, emprenedoria, projectes, aprenentatge - servei, qualitat, multiling\u00fce mobilitat, FP Dual, tenen cabuda en tots els estudis que impartim\",\"email\":\"direccio@lopezvicu.info\",\"telephone\":\"934 87 65 94\"},{\"@type\":\"Question\",\"@id\":\"https:\\\/\\\/www.lopezvicu.info\\\/es\\\/cfgs-marketing-y-publicidad\\\/#faq-question-1646337556957\",\"position\":1,\"url\":\"https:\\\/\\\/www.lopezvicu.info\\\/es\\\/cfgs-marketing-y-publicidad\\\/#faq-question-1646337556957\",\"name\":\"\u00bfCu\u00e1nto tiempo dura la formaci\u00f3n profesional de grado superior de Marketing y Publicidad?\",\"answerCount\":1,\"acceptedAnswer\":{\"@type\":\"Answer\",\"text\":\"Tiene una duraci\u00f3n de <strong>dos cursos acad\u00e9micos<\\\/strong>, con un total de <strong>2000 horas<\\\/strong>.\",\"inLanguage\":\"es\"},\"inLanguage\":\"es\"},{\"@type\":\"Question\",\"@id\":\"https:\\\/\\\/www.lopezvicu.info\\\/es\\\/cfgs-marketing-y-publicidad\\\/#faq-question-1646337573329\",\"position\":2,\"url\":\"https:\\\/\\\/www.lopezvicu.info\\\/es\\\/cfgs-marketing-y-publicidad\\\/#faq-question-1646337573329\",\"name\":\"\u00bfCu\u00e1les son los requisitos de acceso y admisi\u00f3n al CFGS?\",\"answerCount\":1,\"acceptedAnswer\":{\"@type\":\"Answer\",\"text\":\"Tener el <strong>t\u00edtulo de bachillerato<\\\/strong>.<br\\\/>Tener el <strong>t\u00edtulo de t\u00e9cnico de formaci\u00f3n profesional <\\\/strong>(CFGM),<strong> t\u00e9cnico superior de formaci\u00f3n profesional<\\\/strong> (CFGS) <strong>o<\\\/strong>, <strong>t\u00e9cnico especialista <\\\/strong>(FP2).<br\\\/>Haber <strong>superado <\\\/strong>el <strong>segundo curso de bachillerato<\\\/strong> de <strong>cualquier modalidad<\\\/strong> de <strong>bachillerato experimental.<\\\/strong><br\\\/>Haber <strong>superado <\\\/strong>el<strong> curso de orientaci\u00f3n universitaria<\\\/strong> (COU) <strong>o <\\\/strong>el <strong>preuniversitario<\\\/strong>.<br\\\/>Tener el <strong>t\u00edtulo <\\\/strong>de bachillerato por haber cursado el <strong>bachillerato unificado polivalente<\\\/strong> (BUP).<br\\\/>Tener cualquier <strong>titulaci\u00f3n universitaria o equivalente<\\\/strong>.<br\\\/>Haber <strong>superado <\\\/strong>la <strong>prueba de acceso a la universidad<\\\/strong> para <strong>mayores de 25 a\u00f1os.<\\\/strong><br\\\/>Las <strong>personas <\\\/strong>que <strong>no cumplen <\\\/strong>ninguno de los <strong>requisitos <\\\/strong>mencionados, <strong>deben superar <\\\/strong>una <strong>prueba de acceso<\\\/strong> que, para presentarse, es <strong>necesario <\\\/strong>tener <strong>19 a\u00f1os o <\\\/strong>bien <strong>cumplirlos durante el a\u00f1o natural<\\\/strong> en el que se <strong>realiza la prueba.<\\\/strong>\",\"inLanguage\":\"es\"},\"inLanguage\":\"es\"},{\"@type\":\"Question\",\"@id\":\"https:\\\/\\\/www.lopezvicu.info\\\/es\\\/cfgs-marketing-y-publicidad\\\/#faq-question-1646337590170\",\"position\":3,\"url\":\"https:\\\/\\\/www.lopezvicu.info\\\/es\\\/cfgs-marketing-y-publicidad\\\/#faq-question-1646337590170\",\"name\":\"\u00bfDe qu\u00e9 rama forma parte el grado superior de Marketing y Publicidad?\",\"answerCount\":1,\"acceptedAnswer\":{\"@type\":\"Answer\",\"text\":\"Forma parte de la familia de <strong>comercio y marketing.<\\\/strong>\",\"inLanguage\":\"es\"},\"inLanguage\":\"es\"},{\"@type\":\"Question\",\"@id\":\"https:\\\/\\\/www.lopezvicu.info\\\/es\\\/cfgs-marketing-y-publicidad\\\/#faq-question-1646337605181\",\"position\":4,\"url\":\"https:\\\/\\\/www.lopezvicu.info\\\/es\\\/cfgs-marketing-y-publicidad\\\/#faq-question-1646337605181\",\"name\":\"\u00bfCu\u00e1l es el per\u00edodo de preinscripci\u00f3n para el CFGS de Marketing y publicidad para el curso 2024-2025?\",\"answerCount\":1,\"acceptedAnswer\":{\"@type\":\"Answer\",\"text\":\"Del <strong>24 al 30 de mayo de 2024.<\\\/strong>\",\"inLanguage\":\"es\"},\"inLanguage\":\"es\"},{\"@type\":\"Question\",\"@id\":\"https:\\\/\\\/www.lopezvicu.info\\\/es\\\/cfgs-marketing-y-publicidad\\\/#faq-question-1646337619471\",\"position\":5,\"url\":\"https:\\\/\\\/www.lopezvicu.info\\\/es\\\/cfgs-marketing-y-publicidad\\\/#faq-question-1646337619471\",\"name\":\"\u00bfOfrecen la posibilidad de hacer pr\u00e1cticas en el grado superior de Marketing y publicidad?\",\"answerCount\":1,\"acceptedAnswer\":{\"@type\":\"Answer\",\"text\":\"<strong>Si<\\\/strong>, trabajamos en colaboraci\u00f3n con distintas <strong>empresas colaboradoras del sector<\\\/strong>.\",\"inLanguage\":\"es\"},\"inLanguage\":\"es\"},{\"@type\":\"Question\",\"@id\":\"https:\\\/\\\/www.lopezvicu.info\\\/es\\\/cfgs-marketing-y-publicidad\\\/#faq-question-1646337635294\",\"position\":6,\"url\":\"https:\\\/\\\/www.lopezvicu.info\\\/es\\\/cfgs-marketing-y-publicidad\\\/#faq-question-1646337635294\",\"name\":\"\u00bfSe puede elegir d\u00f3nde llevar a cabo las pr\u00e1cticas?\",\"answerCount\":1,\"acceptedAnswer\":{\"@type\":\"Answer\",\"text\":\"Aunque tenemos empresas colaboradoras del sector, si hay alguna <strong>otra empresa<\\\/strong> que pueda <strong>interesarte<\\\/strong>, tambi\u00e9n <strong>es posible <\\\/strong>poder <strong>llevar a cabo las pr\u00e1cticas con \u00e9sta<\\\/strong>. Haremos una valoraci\u00f3n de la propuesta y estudiaremos su idoneidad. \",\"inLanguage\":\"es\"},\"inLanguage\":\"es\"},{\"@type\":\"Question\",\"@id\":\"https:\\\/\\\/www.lopezvicu.info\\\/es\\\/cfgs-marketing-y-publicidad\\\/#faq-question-1646337648936\",\"position\":7,\"url\":\"https:\\\/\\\/www.lopezvicu.info\\\/es\\\/cfgs-marketing-y-publicidad\\\/#faq-question-1646337648936\",\"name\":\"\u00bfQu\u00e9 voy a hacer durante el curso?\",\"answerCount\":1,\"acceptedAnswer\":{\"@type\":\"Answer\",\"text\":\"Podr\u00e1s realizar <strong>pr\u00e1cticas <\\\/strong>en <strong>empresas de referencia<\\\/strong> en el <strong>sector <\\\/strong>con un seguimiento cercano del alumno mediante un tutor de pr\u00e1cticas con experiencia en el sector.<br\\\/>Realizaci\u00f3n de una parte de las horas de la estancia en la empresa<strong> dentro del horario lectivo<\\\/strong>.<br\\\/>Asistencia a <strong>charlas de profesionales<\\\/strong> que trabajan en <strong>distintos sectores<\\\/strong> empresariales y <strong>de promoci\u00f3n tur\u00edstica<\\\/strong>.<br\\\/><strong>Visitas profesionalizadoras<\\\/strong> que ampl\u00edan los contenidos curriculares.<br\\\/>Hacer<strong> viaje profesionalizador <\\\/strong>para conocer el mundo de la empresa y poner en <strong>pr\u00e1ctica <\\\/strong>los distintos <strong>idiomas<\\\/strong>.<br\\\/>Tendr\u00e1s <strong>profesores <\\\/strong>constantemente <strong>actualizados <\\\/strong>en el <strong>sector<\\\/strong>.<br\\\/>Utilizar\u00e1s una <strong>metodolog\u00eda <\\\/strong>basada en la <strong>investigaci\u00f3n<\\\/strong>, el <strong>trabajo cooperativo<\\\/strong> y el <strong>trabajo por proyectos<\\\/strong> con la posibilidad de recibir el <strong>asesoramiento <\\\/strong>de <strong>escuelas de negocios<\\\/strong> dentro del aula taller.<br\\\/><strong>Participaci\u00f3n <\\\/strong>en el proyectos interdisciplinares globalizadores.<br\\\/>Proyectos basados en <strong>retos reales de empresas<\\\/strong>.<br\\\/>Llevar\u00e1s a cabo la impartici\u00f3n de una <strong>parte del curr\u00edculu<\\\/strong>m<strong> en ingl\u00e9s<\\\/strong> para <strong>potenciar <\\\/strong>a\u00fan m\u00e1s esta <strong>lengua extranjera<\\\/strong>.<br\\\/>Tendr\u00e1s <strong>posibilidad <\\\/strong>de acceder a las<strong> becas Erasmus+<\\\/strong> para la realizaci\u00f3n de <strong>estancias <\\\/strong>de formaci\u00f3n en <strong>empresas <\\\/strong>en el <strong>extranjero<\\\/strong>.<br\\\/>Posibilidad de <strong>orientaci\u00f3n y acompa\u00f1amiento<\\\/strong> de un <strong>tutor <\\\/strong>que <strong>ayuda <\\\/strong>al alumno a <strong>construir <\\\/strong>el propio <strong>curr\u00edculum <\\\/strong>seg\u00fan los intereses de cada uno.\",\"inLanguage\":\"es\"},\"inLanguage\":\"es\"},{\"@type\":\"Question\",\"@id\":\"https:\\\/\\\/www.lopezvicu.info\\\/es\\\/cfgs-marketing-y-publicidad\\\/#faq-question-1646337669953\",\"position\":8,\"url\":\"https:\\\/\\\/www.lopezvicu.info\\\/es\\\/cfgs-marketing-y-publicidad\\\/#faq-question-1646337669953\",\"name\":\"\u00bfEs f\u00e1cil llegar al centro de estudio?\",\"answerCount\":1,\"acceptedAnswer\":{\"@type\":\"Answer\",\"text\":\"<strong>Si<\\\/strong>, debido a la <strong>cercana <\\\/strong>ubicaci\u00f3n de la<strong> estaci\u00f3n \u201cGirona\u201d<\\\/strong> que forma parte de la <strong>l\u00ednea del metro amarilla L4 <\\\/strong>y, adem\u00e1s, distintas <strong>paradas de autob\u00fas<\\\/strong> disponibles en las cercan\u00edas.\",\"inLanguage\":\"es\"},\"inLanguage\":\"es\"}]}<\/script>\n<!-- \/ Yoast SEO Premium plugin. -->","yoast_head_json":{"title":"CFGS Marketing y Publicidad | Barcelona - Centre L\u00f3pez Vicu\u00f1a Barcelona","description":"Conoce todo sobre el ciclo formativo de grado superior de marketing y publicidad en nuestro centro concertado L\u00f3pez Vicu\u00f1a y \u00a1empieza ya!.","robots":{"index":"index","follow":"follow","max-snippet":"max-snippet:-1","max-image-preview":"max-image-preview:large","max-video-preview":"max-video-preview:-1"},"canonical":"https:\/\/www.lopezvicu.info\/es\/cfgs-marketing-y-publicidad\/","og_locale":"es_ES","og_type":"article","og_title":"CFGS Marketing y Publicidad Barcelona","og_description":"Conoce todo sobre el ciclo formativo de grado superior de marketing y publicidad en nuestro centro concertado L\u00f3pez Vicu\u00f1a y \u00a1empieza ya!.","og_url":"https:\/\/www.lopezvicu.info\/es\/cfgs-marketing-y-publicidad\/","og_site_name":"Centre L\u00f3pez Vicu\u00f1a Barcelona","article_publisher":"https:\/\/www.facebook.com\/LopezVicuBCN\/","article_modified_time":"2026-04-07T12:43:44+00:00","og_image":[{"width":1920,"height":1280,"url":"https:\/\/www.lopezvicu.info\/wp-content\/uploads\/2022\/04\/IG_0136.jpg","type":"image\/jpeg"}],"twitter_card":"summary_large_image","twitter_site":"@lopezvicubcn","twitter_misc":{"Tiempo de lectura":"8 minutos"},"schema":{"@context":"https:\/\/schema.org","@graph":[{"@type":["WebPage","FAQPage"],"@id":"https:\/\/www.lopezvicu.info\/es\/cfgs-marketing-y-publicidad\/","url":"https:\/\/www.lopezvicu.info\/es\/cfgs-marketing-y-publicidad\/","name":"CFGS Marketing y Publicidad | Barcelona - Centre L\u00f3pez Vicu\u00f1a Barcelona","isPartOf":{"@id":"https:\/\/www.lopezvicu.info\/es\/#website"},"primaryImageOfPage":{"@id":"https:\/\/www.lopezvicu.info\/es\/cfgs-marketing-y-publicidad\/#primaryimage"},"image":{"@id":"https:\/\/www.lopezvicu.info\/es\/cfgs-marketing-y-publicidad\/#primaryimage"},"thumbnailUrl":"https:\/\/www.lopezvicu.info\/wp-content\/uploads\/2022\/04\/IG_0136-1024x683.jpg","datePublished":"2022-01-27T16:15:06+00:00","dateModified":"2026-04-07T12:43:44+00:00","description":"Conoce todo sobre el ciclo formativo de grado superior de marketing y publicidad en nuestro centro concertado L\u00f3pez Vicu\u00f1a y \u00a1empieza ya!.","breadcrumb":{"@id":"https:\/\/www.lopezvicu.info\/es\/cfgs-marketing-y-publicidad\/#breadcrumb"},"mainEntity":[{"@id":"https:\/\/www.lopezvicu.info\/es\/cfgs-marketing-y-publicidad\/#faq-question-1646337556957"},{"@id":"https:\/\/www.lopezvicu.info\/es\/cfgs-marketing-y-publicidad\/#faq-question-1646337573329"},{"@id":"https:\/\/www.lopezvicu.info\/es\/cfgs-marketing-y-publicidad\/#faq-question-1646337590170"},{"@id":"https:\/\/www.lopezvicu.info\/es\/cfgs-marketing-y-publicidad\/#faq-question-1646337605181"},{"@id":"https:\/\/www.lopezvicu.info\/es\/cfgs-marketing-y-publicidad\/#faq-question-1646337619471"},{"@id":"https:\/\/www.lopezvicu.info\/es\/cfgs-marketing-y-publicidad\/#faq-question-1646337635294"},{"@id":"https:\/\/www.lopezvicu.info\/es\/cfgs-marketing-y-publicidad\/#faq-question-1646337648936"},{"@id":"https:\/\/www.lopezvicu.info\/es\/cfgs-marketing-y-publicidad\/#faq-question-1646337669953"}],"inLanguage":"es","potentialAction":[{"@type":"ReadAction","target":["https:\/\/www.lopezvicu.info\/es\/cfgs-marketing-y-publicidad\/"]}]},{"@type":"ImageObject","inLanguage":"es","@id":"https:\/\/www.lopezvicu.info\/es\/cfgs-marketing-y-publicidad\/#primaryimage","url":"https:\/\/www.lopezvicu.info\/wp-content\/uploads\/2022\/04\/IG_0136-1024x683.jpg","contentUrl":"https:\/\/www.lopezvicu.info\/wp-content\/uploads\/2022\/04\/IG_0136-1024x683.jpg"},{"@type":"BreadcrumbList","@id":"https:\/\/www.lopezvicu.info\/es\/cfgs-marketing-y-publicidad\/#breadcrumb","itemListElement":[{"@type":"ListItem","position":1,"name":"Portada","item":"https:\/\/www.lopezvicu.info\/es\/"},{"@type":"ListItem","position":2,"name":"CFGS Marketing y Publicidad Barcelona"}]},{"@type":"WebSite","@id":"https:\/\/www.lopezvicu.info\/es\/#website","url":"https:\/\/www.lopezvicu.info\/es\/","name":"L\u00f3pez Vicu\u00f1a","description":"L\u00f3pez Vicu\u00f1a","publisher":{"@id":"https:\/\/www.lopezvicu.info\/es\/#organization"},"potentialAction":[{"@type":"SearchAction","target":{"@type":"EntryPoint","urlTemplate":"https:\/\/www.lopezvicu.info\/es\/?s={search_term_string}"},"query-input":{"@type":"PropertyValueSpecification","valueRequired":true,"valueName":"search_term_string"}}],"inLanguage":"es"},{"@type":"Organization","@id":"https:\/\/www.lopezvicu.info\/es\/#organization","name":"Lopez Vicu\u00f1a","url":"https:\/\/www.lopezvicu.info\/es\/","logo":{"@type":"ImageObject","inLanguage":"es","@id":"https:\/\/www.lopezvicu.info\/es\/#\/schema\/logo\/image\/","url":"https:\/\/www.lopezvicu.info\/wp-content\/uploads\/2022\/01\/logo.png","contentUrl":"https:\/\/www.lopezvicu.info\/wp-content\/uploads\/2022\/01\/logo.png","width":350,"height":70,"caption":"Lopez Vicu\u00f1a"},"image":{"@id":"https:\/\/www.lopezvicu.info\/es\/#\/schema\/logo\/image\/"},"sameAs":["https:\/\/www.facebook.com\/LopezVicuBCN\/","https:\/\/x.com\/lopezvicubcn","https:\/\/www.linkedin.com\/company\/lopezvicubcn\/","https:\/\/www.instagram.com\/lopezvicubcn\/","https:\/\/www.youtube.com\/@lopezvicubarcelona"],"description":"L\u00f3pez Vicu\u00f1a \u00e9s un centre concertat autoritzat pel Departament d'Educaci\u00f3 de la Generalitat de Catalunya amb CODI 08035015, per impartir Batxillerat i Cicles Formatius (Grau Mitj\u00e0 i Grau Superior), obert a tothom i comprom\u00e8s amb la realitat social, cultural i econ\u00f2mica que ens envolta i amb un cost econ\u00f2mic que garanteix l\u2019escolaritzaci\u00f3 post-obligat\u00f2ria de tots els estudiants. Situats a l'Eixample, en ple centre de Barcelona, i amb f\u00e0cil acc\u00e9s en transport p\u00fablic. Metodologies actives, emprenedoria, projectes, aprenentatge - servei, qualitat, multiling\u00fce mobilitat, FP Dual, tenen cabuda en tots els estudis que impartim","email":"direccio@lopezvicu.info","telephone":"934 87 65 94"},{"@type":"Question","@id":"https:\/\/www.lopezvicu.info\/es\/cfgs-marketing-y-publicidad\/#faq-question-1646337556957","position":1,"url":"https:\/\/www.lopezvicu.info\/es\/cfgs-marketing-y-publicidad\/#faq-question-1646337556957","name":"\u00bfCu\u00e1nto tiempo dura la formaci\u00f3n profesional de grado superior de Marketing y Publicidad?","answerCount":1,"acceptedAnswer":{"@type":"Answer","text":"Tiene una duraci\u00f3n de <strong>dos cursos acad\u00e9micos<\/strong>, con un total de <strong>2000 horas<\/strong>.","inLanguage":"es"},"inLanguage":"es"},{"@type":"Question","@id":"https:\/\/www.lopezvicu.info\/es\/cfgs-marketing-y-publicidad\/#faq-question-1646337573329","position":2,"url":"https:\/\/www.lopezvicu.info\/es\/cfgs-marketing-y-publicidad\/#faq-question-1646337573329","name":"\u00bfCu\u00e1les son los requisitos de acceso y admisi\u00f3n al CFGS?","answerCount":1,"acceptedAnswer":{"@type":"Answer","text":"Tener el <strong>t\u00edtulo de bachillerato<\/strong>.<br\/>Tener el <strong>t\u00edtulo de t\u00e9cnico de formaci\u00f3n profesional <\/strong>(CFGM),<strong> t\u00e9cnico superior de formaci\u00f3n profesional<\/strong> (CFGS) <strong>o<\/strong>, <strong>t\u00e9cnico especialista <\/strong>(FP2).<br\/>Haber <strong>superado <\/strong>el <strong>segundo curso de bachillerato<\/strong> de <strong>cualquier modalidad<\/strong> de <strong>bachillerato experimental.<\/strong><br\/>Haber <strong>superado <\/strong>el<strong> curso de orientaci\u00f3n universitaria<\/strong> (COU) <strong>o <\/strong>el <strong>preuniversitario<\/strong>.<br\/>Tener el <strong>t\u00edtulo <\/strong>de bachillerato por haber cursado el <strong>bachillerato unificado polivalente<\/strong> (BUP).<br\/>Tener cualquier <strong>titulaci\u00f3n universitaria o equivalente<\/strong>.<br\/>Haber <strong>superado <\/strong>la <strong>prueba de acceso a la universidad<\/strong> para <strong>mayores de 25 a\u00f1os.<\/strong><br\/>Las <strong>personas <\/strong>que <strong>no cumplen <\/strong>ninguno de los <strong>requisitos <\/strong>mencionados, <strong>deben superar <\/strong>una <strong>prueba de acceso<\/strong> que, para presentarse, es <strong>necesario <\/strong>tener <strong>19 a\u00f1os o <\/strong>bien <strong>cumplirlos durante el a\u00f1o natural<\/strong> en el que se <strong>realiza la prueba.<\/strong>","inLanguage":"es"},"inLanguage":"es"},{"@type":"Question","@id":"https:\/\/www.lopezvicu.info\/es\/cfgs-marketing-y-publicidad\/#faq-question-1646337590170","position":3,"url":"https:\/\/www.lopezvicu.info\/es\/cfgs-marketing-y-publicidad\/#faq-question-1646337590170","name":"\u00bfDe qu\u00e9 rama forma parte el grado superior de Marketing y Publicidad?","answerCount":1,"acceptedAnswer":{"@type":"Answer","text":"Forma parte de la familia de <strong>comercio y marketing.<\/strong>","inLanguage":"es"},"inLanguage":"es"},{"@type":"Question","@id":"https:\/\/www.lopezvicu.info\/es\/cfgs-marketing-y-publicidad\/#faq-question-1646337605181","position":4,"url":"https:\/\/www.lopezvicu.info\/es\/cfgs-marketing-y-publicidad\/#faq-question-1646337605181","name":"\u00bfCu\u00e1l es el per\u00edodo de preinscripci\u00f3n para el CFGS de Marketing y publicidad para el curso 2024-2025?","answerCount":1,"acceptedAnswer":{"@type":"Answer","text":"Del <strong>24 al 30 de mayo de 2024.<\/strong>","inLanguage":"es"},"inLanguage":"es"},{"@type":"Question","@id":"https:\/\/www.lopezvicu.info\/es\/cfgs-marketing-y-publicidad\/#faq-question-1646337619471","position":5,"url":"https:\/\/www.lopezvicu.info\/es\/cfgs-marketing-y-publicidad\/#faq-question-1646337619471","name":"\u00bfOfrecen la posibilidad de hacer pr\u00e1cticas en el grado superior de Marketing y publicidad?","answerCount":1,"acceptedAnswer":{"@type":"Answer","text":"<strong>Si<\/strong>, trabajamos en colaboraci\u00f3n con distintas <strong>empresas colaboradoras del sector<\/strong>.","inLanguage":"es"},"inLanguage":"es"},{"@type":"Question","@id":"https:\/\/www.lopezvicu.info\/es\/cfgs-marketing-y-publicidad\/#faq-question-1646337635294","position":6,"url":"https:\/\/www.lopezvicu.info\/es\/cfgs-marketing-y-publicidad\/#faq-question-1646337635294","name":"\u00bfSe puede elegir d\u00f3nde llevar a cabo las pr\u00e1cticas?","answerCount":1,"acceptedAnswer":{"@type":"Answer","text":"Aunque tenemos empresas colaboradoras del sector, si hay alguna <strong>otra empresa<\/strong> que pueda <strong>interesarte<\/strong>, tambi\u00e9n <strong>es posible <\/strong>poder <strong>llevar a cabo las pr\u00e1cticas con \u00e9sta<\/strong>. Haremos una valoraci\u00f3n de la propuesta y estudiaremos su idoneidad. ","inLanguage":"es"},"inLanguage":"es"},{"@type":"Question","@id":"https:\/\/www.lopezvicu.info\/es\/cfgs-marketing-y-publicidad\/#faq-question-1646337648936","position":7,"url":"https:\/\/www.lopezvicu.info\/es\/cfgs-marketing-y-publicidad\/#faq-question-1646337648936","name":"\u00bfQu\u00e9 voy a hacer durante el curso?","answerCount":1,"acceptedAnswer":{"@type":"Answer","text":"Podr\u00e1s realizar <strong>pr\u00e1cticas <\/strong>en <strong>empresas de referencia<\/strong> en el <strong>sector <\/strong>con un seguimiento cercano del alumno mediante un tutor de pr\u00e1cticas con experiencia en el sector.<br\/>Realizaci\u00f3n de una parte de las horas de la estancia en la empresa<strong> dentro del horario lectivo<\/strong>.<br\/>Asistencia a <strong>charlas de profesionales<\/strong> que trabajan en <strong>distintos sectores<\/strong> empresariales y <strong>de promoci\u00f3n tur\u00edstica<\/strong>.<br\/><strong>Visitas profesionalizadoras<\/strong> que ampl\u00edan los contenidos curriculares.<br\/>Hacer<strong> viaje profesionalizador <\/strong>para conocer el mundo de la empresa y poner en <strong>pr\u00e1ctica <\/strong>los distintos <strong>idiomas<\/strong>.<br\/>Tendr\u00e1s <strong>profesores <\/strong>constantemente <strong>actualizados <\/strong>en el <strong>sector<\/strong>.<br\/>Utilizar\u00e1s una <strong>metodolog\u00eda <\/strong>basada en la <strong>investigaci\u00f3n<\/strong>, el <strong>trabajo cooperativo<\/strong> y el <strong>trabajo por proyectos<\/strong> con la posibilidad de recibir el <strong>asesoramiento <\/strong>de <strong>escuelas de negocios<\/strong> dentro del aula taller.<br\/><strong>Participaci\u00f3n <\/strong>en el proyectos interdisciplinares globalizadores.<br\/>Proyectos basados en <strong>retos reales de empresas<\/strong>.<br\/>Llevar\u00e1s a cabo la impartici\u00f3n de una <strong>parte del curr\u00edculu<\/strong>m<strong> en ingl\u00e9s<\/strong> para <strong>potenciar <\/strong>a\u00fan m\u00e1s esta <strong>lengua extranjera<\/strong>.<br\/>Tendr\u00e1s <strong>posibilidad <\/strong>de acceder a las<strong> becas Erasmus+<\/strong> para la realizaci\u00f3n de <strong>estancias <\/strong>de formaci\u00f3n en <strong>empresas <\/strong>en el <strong>extranjero<\/strong>.<br\/>Posibilidad de <strong>orientaci\u00f3n y acompa\u00f1amiento<\/strong> de un <strong>tutor <\/strong>que <strong>ayuda <\/strong>al alumno a <strong>construir <\/strong>el propio <strong>curr\u00edculum <\/strong>seg\u00fan los intereses de cada uno.","inLanguage":"es"},"inLanguage":"es"},{"@type":"Question","@id":"https:\/\/www.lopezvicu.info\/es\/cfgs-marketing-y-publicidad\/#faq-question-1646337669953","position":8,"url":"https:\/\/www.lopezvicu.info\/es\/cfgs-marketing-y-publicidad\/#faq-question-1646337669953","name":"\u00bfEs f\u00e1cil llegar al centro de estudio?","answerCount":1,"acceptedAnswer":{"@type":"Answer","text":"<strong>Si<\/strong>, debido a la <strong>cercana <\/strong>ubicaci\u00f3n de la<strong> estaci\u00f3n \u201cGirona\u201d<\/strong> que forma parte de la <strong>l\u00ednea del metro amarilla L4 <\/strong>y, adem\u00e1s, distintas <strong>paradas de autob\u00fas<\/strong> disponibles en las cercan\u00edas.","inLanguage":"es"},"inLanguage":"es"}]}},"_links":{"self":[{"href":"https:\/\/www.lopezvicu.info\/es\/wp-json\/wp\/v2\/pages\/5136","targetHints":{"allow":["GET"]}}],"collection":[{"href":"https:\/\/www.lopezvicu.info\/es\/wp-json\/wp\/v2\/pages"}],"about":[{"href":"https:\/\/www.lopezvicu.info\/es\/wp-json\/wp\/v2\/types\/page"}],"author":[{"embeddable":true,"href":"https:\/\/www.lopezvicu.info\/es\/wp-json\/wp\/v2\/users\/1"}],"replies":[{"embeddable":true,"href":"https:\/\/www.lopezvicu.info\/es\/wp-json\/wp\/v2\/comments?post=5136"}],"version-history":[{"count":81,"href":"https:\/\/www.lopezvicu.info\/es\/wp-json\/wp\/v2\/pages\/5136\/revisions"}],"predecessor-version":[{"id":29222,"href":"https:\/\/www.lopezvicu.info\/es\/wp-json\/wp\/v2\/pages\/5136\/revisions\/29222"}],"wp:attachment":[{"href":"https:\/\/www.lopezvicu.info\/es\/wp-json\/wp\/v2\/media?parent=5136"}],"curies":[{"name":"wp","href":"https:\/\/api.w.org\/{rel}","templated":true}]}}